{"id":5942,"date":"2024-09-26T12:20:36","date_gmt":"2024-09-26T10:20:36","guid":{"rendered":"https:\/\/www.valerotaxlegal.com\/visados\/"},"modified":"2025-01-21T11:06:50","modified_gmt":"2025-01-21T10:06:50","slug":"visats","status":"publish","type":"page","link":"https:\/\/www.valerotaxlegal.com\/ca\/serveis-destrangeria\/visats\/","title":{"rendered":"Visats"},"content":{"rendered":"\t\t<div data-elementor-type=\"wp-page\" data-elementor-id=\"5942\" class=\"elementor elementor-5942 elementor-5443\" data-elementor-settings=\"{&quot;ha_cmc_init_switcher&quot;:&quot;no&quot;}\" data-elementor-post-type=\"page\">\n\t\t\t\t\t\t<section class=\"elementor-section elementor-top-section elementor-element elementor-element-38f13bf elementor-section-height-min-height elementor-section-boxed elementor-section-height-default elementor-section-items-middle\" data-id=\"38f13bf\" data-element_type=\"section\" data-e-type=\"section\" data-settings=\"{&quot;background_background&quot;:&quot;classic&quot;,&quot;background_motion_fx_motion_fx_scrolling&quot;:&quot;yes&quot;,&quot;background_motion_fx_scale_effect&quot;:&quot;yes&quot;,&quot;background_motion_fx_scale_direction&quot;:&quot;out-in&quot;,&quot;background_motion_fx_scale_speed&quot;:{&quot;unit&quot;:&quot;px&quot;,&quot;size&quot;:4,&quot;sizes&quot;:[]},&quot;background_motion_fx_scale_range&quot;:{&quot;unit&quot;:&quot;%&quot;,&quot;size&quot;:&quot;&quot;,&quot;sizes&quot;:{&quot;start&quot;:20,&quot;end&quot;:80}},&quot;background_motion_fx_devices&quot;:[&quot;desktop&quot;,&quot;tablet&quot;,&quot;mobile&quot;],&quot;_ha_eqh_enable&quot;:false}\">\n\t\t\t\t\t\t\t<div class=\"elementor-background-overlay\"><\/div>\n\t\t\t\t\t\t\t<div class=\"elementor-container elementor-column-gap-default\">\n\t\t\t\t\t<div class=\"elementor-column elementor-col-100 elementor-top-column elementor-element elementor-element-047bbc0\" data-id=\"047bbc0\" data-element_type=\"column\" data-e-type=\"column\">\n\t\t\t<div class=\"elementor-widget-wrap elementor-element-populated\">\n\t\t\t\t\t\t<section class=\"elementor-section elementor-inner-section elementor-element elementor-element-c35381f elementor-section-full_width elementor-section-height-default elementor-section-height-default\" data-id=\"c35381f\" data-element_type=\"section\" data-e-type=\"section\" data-settings=\"{&quot;_ha_eqh_enable&quot;:false}\">\n\t\t\t\t\t\t<div class=\"elementor-container elementor-column-gap-default\">\n\t\t\t\t\t<div class=\"elementor-column elementor-col-50 elementor-inner-column elementor-element elementor-element-80db9c8 elementor-invisible\" data-id=\"80db9c8\" data-element_type=\"column\" data-e-type=\"column\" data-settings=\"{&quot;animation&quot;:&quot;fadeInUp&quot;}\">\n\t\t\t<div class=\"elementor-widget-wrap elementor-element-populated\">\n\t\t\t\t\t\t<div class=\"elementor-element elementor-element-07ba308 elementor-widget elementor-widget-heading\" data-id=\"07ba308\" data-element_type=\"widget\" data-e-type=\"widget\" data-widget_type=\"heading.default\">\n\t\t\t\t<div class=\"elementor-widget-container\">\n\t\t\t\t\t<h2 class=\"elementor-heading-title elementor-size-default\">Serveis d'estrangeria<\/h2>\t\t\t\t<\/div>\n\t\t\t\t<\/div>\n\t\t\t\t<div class=\"elementor-element elementor-element-e5f60ac elementor-widget elementor-widget-heading\" data-id=\"e5f60ac\" data-element_type=\"widget\" data-e-type=\"widget\" data-widget_type=\"heading.default\">\n\t\t\t\t<div class=\"elementor-widget-container\">\n\t\t\t\t\t<h1 class=\"elementor-heading-title elementor-size-default\">Visats<\/h1>\t\t\t\t<\/div>\n\t\t\t\t<\/div>\n\t\t\t\t\t<\/div>\n\t\t<\/div>\n\t\t\t\t<div class=\"elementor-column elementor-col-50 elementor-inner-column elementor-element elementor-element-12be77e elementor-invisible\" data-id=\"12be77e\" data-element_type=\"column\" data-e-type=\"column\" data-settings=\"{&quot;animation&quot;:&quot;fadeInUp&quot;,&quot;animation_delay&quot;:400}\">\n\t\t\t<div class=\"elementor-widget-wrap elementor-element-populated\">\n\t\t\t\t\t\t<div class=\"elementor-element elementor-element-a7a930a elementor-widget elementor-widget-heading\" data-id=\"a7a930a\" data-element_type=\"widget\" data-e-type=\"widget\" data-widget_type=\"heading.default\">\n\t\t\t\t<div class=\"elementor-widget-container\">\n\t\t\t\t\t<p class=\"elementor-heading-title elementor-size-default\">Si t'interessa el Visat, demana'ns m\u00e9s informaci\u00f3.<\/p>\t\t\t\t<\/div>\n\t\t\t\t<\/div>\n\t\t\t\t<div class=\"elementor-element elementor-element-4d5609f eael-gravity-form-button-custom elementor-widget elementor-widget-eael-gravity-form\" data-id=\"4d5609f\" data-element_type=\"widget\" data-e-type=\"widget\" data-widget_type=\"eael-gravity-form.default\">\n\t\t\t\t<div class=\"elementor-widget-container\">\n\t\t\t\t\t\t\t\t<div class=\"eael-contact-form eael-gravity-form labels-hide eael-contact-form-align-left\">\n\t\t        <script>\nvar gform;gform||(document.addEventListener(\"gform_main_scripts_loaded\",function(){gform.scriptsLoaded=!0}),document.addEventListener(\"gform\/theme\/scripts_loaded\",function(){gform.themeScriptsLoaded=!0}),window.addEventListener(\"DOMContentLoaded\",function(){gform.domLoaded=!0}),gform={domLoaded:!1,scriptsLoaded:!1,themeScriptsLoaded:!1,isFormEditor:()=>\"function\"==typeof InitializeEditor,callIfLoaded:function(o){return!(!gform.domLoaded||!gform.scriptsLoaded||!gform.themeScriptsLoaded&&!gform.isFormEditor()||(gform.isFormEditor()&&console.warn(\"The use of gform.initializeOnLoaded() is deprecated in the form editor context and will be removed in Gravity Forms 3.1.\"),o(),0))},initializeOnLoaded:function(o){gform.callIfLoaded(o)||(document.addEventListener(\"gform_main_scripts_loaded\",()=>{gform.scriptsLoaded=!0,gform.callIfLoaded(o)}),document.addEventListener(\"gform\/theme\/scripts_loaded\",()=>{gform.themeScriptsLoaded=!0,gform.callIfLoaded(o)}),window.addEventListener(\"DOMContentLoaded\",()=>{gform.domLoaded=!0,gform.callIfLoaded(o)}))},hooks:{action:{},filter:{}},addAction:function(o,r,e,t){gform.addHook(\"action\",o,r,e,t)},addFilter:function(o,r,e,t){gform.addHook(\"filter\",o,r,e,t)},doAction:function(o){gform.doHook(\"action\",o,arguments)},applyFilters:function(o){return gform.doHook(\"filter\",o,arguments)},removeAction:function(o,r){gform.removeHook(\"action\",o,r)},removeFilter:function(o,r,e){gform.removeHook(\"filter\",o,r,e)},addHook:function(o,r,e,t,n){null==gform.hooks[o][r]&&(gform.hooks[o][r]=[]);var d=gform.hooks[o][r];null==n&&(n=r+\"_\"+d.length),gform.hooks[o][r].push({tag:n,callable:e,priority:t=null==t?10:t})},doHook:function(r,o,e){var t;if(e=Array.prototype.slice.call(e,1),null!=gform.hooks[r][o]&&((o=gform.hooks[r][o]).sort(function(o,r){return o.priority-r.priority}),o.forEach(function(o){\"function\"!=typeof(t=o.callable)&&(t=window[t]),\"action\"==r?t.apply(null,e):e[0]=t.apply(null,e)})),\"filter\"==r)return e[0]},removeHook:function(o,r,t,n){var e;null!=gform.hooks[o][r]&&(e=(e=gform.hooks[o][r]).filter(function(o,r,e){return!!(null!=n&&n!=o.tag||null!=t&&t!=o.priority)}),gform.hooks[o][r]=e)}});\n<\/script>\n\n                <div class='gf_browser_gecko gform_wrapper gform_legacy_markup_wrapper gform-theme--no-framework' data-form-theme='legacy' data-form-index='0' id='gform_wrapper_10' ><div id='gf_10' class='gform_anchor' tabindex='-1'><\/div><form method='post' enctype='multipart\/form-data'  id='gform_10'  action='\/ca\/wp-json\/wp\/v2\/pages\/5942#gf_10' data-formid='10' novalidate>\n                        <div class='gform-body gform_body'><ul id='gform_fields_10' class='gform_fields top_label form_sublabel_below description_below validation_below'><li id=\"field_10_5\" class=\"gfield gfield--type-honeypot gform_validation_container field_sublabel_below gfield--has-description field_description_below field_validation_below gfield_visibility_visible\"  ><label class='gfield_label gform-field-label' for='input_10_5'><span class='gform-field-label__text'>Email<\/span><\/label><div class='ginput_container'><input name='input_5' id='input_10_5' type='text' value='' autocomplete='new-password'\/><\/div><div class='gfield_description' id='gfield_description_10_5'>Aquest camp nom\u00e9s \u00e9s per validaci\u00f3 i no s'ha de modificar.<\/div><\/li><li id=\"field_10_4\" class=\"gfield gfield--type-text gfield--input-type-text gfield--width-full campo_neorg_oculto field_sublabel_below gfield--has-description field_description_below field_validation_below gfield_visibility_visible\"  ><label class='gfield_label gform-field-label' for='input_10_4'><span class='gform-field-label__text'>website<\/span><\/label><div class='ginput_container ginput_container_text'><input name='input_4' id='input_10_4' type='text' value='' class='large'  aria-describedby=\"gfield_description_10_4\"    aria-invalid=\"false\"   \/ aria-hidden=\"true\" tabindex=\"-1\" autocomplete=\"new-password\"><\/div><div class='gfield_description' id='gfield_description_10_4'>Este campo es de validaci\u00f3n interna y no se puede modificar.<\/div><\/li><li id=\"field_10_1\" class=\"gfield gfield--type-text gfield--input-type-text gfield_contains_required field_sublabel_below gfield--no-description field_description_below hidden_label field_validation_below gfield_visibility_visible\"  ><label class='gfield_label gform-field-label' for='input_10_1'><span class='gform-field-label__text'>Nom<\/span><span class=\"gfield_required\"><span class=\"gfield_required gfield_required_asterisk\">*<\/span><\/span><\/label><div class='ginput_container ginput_container_text'><input name='input_1' id='input_10_1' type='text' value='' class='medium'    placeholder='El teu nom *' aria-required=\"true\" aria-invalid=\"false\"   \/><\/div><\/li><li id=\"field_10_2\" class=\"gfield gfield--type-email gfield--input-type-email gfield_contains_required field_sublabel_below gfield--no-description field_description_below hidden_label field_validation_below gfield_visibility_visible\"  ><label class='gfield_label gform-field-label' for='input_10_2'><span class='gform-field-label__text'>Email<\/span><span class=\"gfield_required\"><span class=\"gfield_required gfield_required_asterisk\">*<\/span><\/span><\/label><div class='ginput_container ginput_container_email'>\n                            <input name='input_2' id='input_10_2' type='email' value='' class='medium'   placeholder='El teu e-mail' aria-required=\"true\" aria-invalid=\"false\"  \/>\n                        <\/div><\/li><li id=\"field_10_3\" class=\"gfield gfield--type-consent gfield--type-choice gfield--input-type-consent gfield--width-full gfield_contains_required field_sublabel_below gfield--has-description field_description_below hidden_label field_validation_below gfield_visibility_visible gfield--choice-align-vertical\"  ><label class='gfield_label gform-field-label gfield_label_before_complex' ><span class='gform-field-label__text'>Consentiment<\/span><span class=\"gfield_required\"><span class=\"gfield_required gfield_required_asterisk\">*<\/span><\/span><\/label><div class='ginput_container ginput_container_consent'><input name='input_3.1' id='input_10_3_1' type='checkbox' value='1'  aria-describedby=\"gfield_consent_description_10_3\" aria-required=\"true\" aria-invalid=\"false\"   \/> <label class=\"gform-field-label gform-field-label--type-inline gfield_consent_label\" for='input_10_3_1' ><span class='gform-field-label__text'>He llegit i accepto la <a href=\"https:\/\/www.valerotaxlegal.com\/ca\/politica-de-privacitat\/\" target=\"_blank\">pol\u00edtica de privacitat<\/a><\/span><span class=\"gfield_required gfield_required_asterisk\">*<\/span><\/label><input type='hidden' name='input_3.2' value='He llegit i accepto la &lt;a href=&quot;https:\/\/www.valerotaxlegal.com\/ca\/politica-de-privacitat\/&quot; target=&quot;_blank&quot;&gt;pol\u00edtica de privacitat&lt;\/a&gt;' class='gform_hidden' \/><input type='hidden' name='input_3.3' value='11' class='gform_hidden' \/><\/div><div class='gfield_description gfield_consent_description' id='gfield_consent_description_10_3'><div class='gfield_consent_description_text' tabindex='0'><br><br \/>\r\n<label style=\"font-size:12px;\"><br \/>\r\nUs informem que el responsable del tractament d'aquest formulari de recollida de dades \u00e9s VALERO Asesoria & Gesti\u00f3n SL.<br \/>\r\nLa finalitat principal d'aquest formulari \u00e9s registrar la sol\u00b7licitud de l'usuari d'informaci\u00f3 i poder gestionar la vostra petici\u00f3 de sol\u00b7licitud d'informaci\u00f3, relacionada amb els serveis i\/o productes dels quals VALERO Asesoria & Gesti\u00f3n SL disposa. Aix\u00ed mateix, informem a l'usuari que la base leg\u00edtima per als tractaments que es duran a terme \u00e9s el consentiment.<br \/>\r\nD'acord amb els drets que us confereix la normativa vigent en protecci\u00f3 de dades, l'usuari podr\u00e0 adre\u00e7ar-se a l'autoritat de control competent per presentar la reclamaci\u00f3 que consideri oportuna, aix\u00ed com tamb\u00e9 podr\u00e0 exercir els drets d'acc\u00e9s, rectificaci\u00f3, limitaci\u00f3 de tractament, supressi\u00f3, portabilitat i oposici\u00f3 al tractament de les seves dades de car\u00e0cter personal, aix\u00ed com a la retirada del consentiment prestat per al seu tractament. Per a m\u00e9s informaci\u00f3, l'usuari pot adre\u00e7ar-se a la nostra pol\u00edtica de privadesa.<br \/>\r\n<\/label><br \/>\r\n<br><\/div><\/div><\/li><\/ul><\/div>\n        <div class='gform-footer gform_footer top_label'> <button type='submit' id='gform_submit_button_10' class='gform_button button' onclick='gform.submission.handleButtonClick(this);' data-submission-type='submit' >Enviar<\/button> <input type='hidden' class='gform_hidden' name='gform_submission_speeds' value='{&quot;pages&quot;:[]}' \/>\n            <input type='hidden' class='gform_hidden' name='gform_submission_method' data-js='gform_submission_method_10' value='postback' \/>\n            <input type='hidden' class='gform_hidden' name='gform_theme' data-js='gform_theme_10' id='gform_theme_10' value='legacy' \/>\n            <input type='hidden' class='gform_hidden' name='gform_style_settings' data-js='gform_style_settings_10' id='gform_style_settings_10' value='' \/>\n            <input type='hidden' class='gform_hidden' name='is_submit_10' value='1' \/>\n            <input type='hidden' class='gform_hidden' name='gform_submit' value='10' \/>\n            \n            <input type='hidden' class='gform_hidden' name='gform_currency' data-currency='EUR' value='1th\/aZ57S6YMoTOsRhHan+ftQsAaTL253TP8R7vDuRjKi7HpuXNzM2WR8DWX9Y953uWzthz\/fgQ80qfSgjzljQ1GzH+uwSHq8LUi9WirkAA3wus=' \/>\n            <input type='hidden' class='gform_hidden' name='gform_unique_id' value='' \/>\n            <input type='hidden' class='gform_hidden' name='state_10' value='WyJ7XCIzLjFcIjpcIjlmOGYxZGEwNmJkNjkxYzQ1ZWU3YWE2NjlhNjc1ZDk5XCIsXCIzLjJcIjpcIjA5ZTI5ZjkzZjJmNDNmN2VlNDFkYTBhY2E0NzkxMGViXCIsXCIzLjNcIjpcImY4NTIxY2E0YjQ1YzhiMzZiMmI0M2QyN2NhMjBmMTIwXCIsXCJnZm9ybV9zdWJtaXNzaW9uX21ldGhvZFwiOltcIjAzMWUzNmQ3MjcyMWMxNjJhZTM0MmZkZGU2NWE0YzhhXCIsXCI1YmYwZjE4ZmE0MzA4NDRlYTAyMjdmNDIwMGY3OTExZVwiXSxcImdmb3JtX3RoZW1lXCI6XCI0MzU2ODZiOTRmMmRjNDQ0Zjg5NDNiZjFjNmJmOTFmMVwiLFwiZ2Zvcm1fc3R5bGVfc2V0dGluZ3NcIjpcIjA1M2M2ZjgwMjkwNzg0NmVhY2QxMmQwOTdmNWU3NDFkXCIsXCJmb3JtX2lkXCI6XCIyZTQ2ZDY1YTMzMTBmMzJmMTU5YzQzNGE5MmU4ZGE0YVwiLFwidXJsXCI6XCI3ZWUyOGIwOWU0OTZiMjUxNmM1ZWRiYzhmNTFmNGFkZFwiLFwic3RhdGVfdGltZXN0YW1wXCI6XCJjNzI3M2RkZTJmZjE4YTdiMjVkNTQ3ZmRlNTliYzcxN1wifSIsIjRkOTRjYzZjMzkwZjU3ZTcyY2M0ZGM1MjQ5NTc2MjU2IiwxNzg4MjUxNDgyXQ==' \/>\n            <input type='hidden' autocomplete='off' class='gform_hidden' name='gform_target_page_number_10' id='gform_target_page_number_10' value='0' \/>\n            <input type='hidden' autocomplete='off' class='gform_hidden' name='gform_source_page_number_10' id='gform_source_page_number_10' value='1' \/>\n            <input type='hidden' name='gform_field_values' value='' \/>\n            \n        <\/div>\n                        <\/form>\n                        <\/div>\t\t\t<\/div>\n\n            <script type=\"text\/javascript\">\n                var gf_global = {\"gf_currency_config\":{\"name\":\"Euro\",\"symbol_left\":\"\",\"symbol_right\":\"&#8364;\",\"symbol_padding\":\" \",\"thousand_separator\":\".\",\"decimal_separator\":\",\",\"decimals\":2,\"code\":\"EUR\"},\"base_url\":\"https:\\\/\\\/www.valerotaxlegal.com\\\/wp-content\\\/plugins\\\/gravityforms\",\"number_formats\":[],\"version_hash\":\"63efda7aaa6385776c9ff4baf4e01b36\",\"countries\":{\"AF\":\"Afganistan\",\"AX\":\"Illes \\u00c5land\",\"AL\":\"Alb\\u00e0nia\",\"DZ\":\"Alg\\u00e8ria\",\"AS\":\"Samoa Americana\",\"AD\":\"Andorra\",\"AO\":\"Angola\",\"AI\":\"Anguilla\",\"AQ\":\"Ant\\u00e0rtida\",\"AG\":\"Antigua i Barbuda\",\"AR\":\"Argentina\",\"AM\":\"Arm\\u00e8nia\",\"AW\":\"Aruba\",\"AU\":\"Austr\\u00e0lia\",\"AT\":\"\\u00c0ustria\",\"AZ\":\"Azerbaidjan\",\"BS\":\"Bahames\",\"BH\":\"Bahrain\",\"BD\":\"Bangla Desh\",\"BB\":\"Barbados\",\"BY\":\"Bielor\\u00fassia\",\"BE\":\"B\\u00e8lgica\",\"BZ\":\"Belize\",\"BJ\":\"Ben\\u00edn\",\"BM\":\"Bermuda\",\"BT\":\"Bhutan\",\"BO\":\"Bol\\u00edvia\",\"BQ\":\"Bonaire, Sint Eustatius i Saba\",\"BA\":\"B\\u00f2snia i Hercegovina\",\"BW\":\"Botswana\",\"BV\":\"Illa Bouvet\",\"BR\":\"Brasil\",\"IO\":\"Territori Brit\\u00e0nic de l'Oce\\u00e0 \\u00cdndic\",\"BN\":\"Brunei Darussalam\",\"BG\":\"Bulg\\u00e0ria\",\"BF\":\"Burkina Faso\",\"BI\":\"Burundi\",\"CV\":\"Cap Verd\",\"KH\":\"Cambodja\",\"CM\":\"Camerun\",\"CA\":\"Canad\\u00e0\",\"KY\":\"Illes Caiman\",\"CF\":\"Rep\\u00fablica Centreafricana\",\"TD\":\"Txad\",\"CL\":\"Xile\",\"CN\":\"Xina\",\"CX\":\"Illa Christmas\",\"CC\":\"Cocos Islands\",\"CO\":\"Col\\u00f2mbia\",\"KM\":\"Comores\",\"CD\":\"Congo, Rep\\u00fablica Democr\\u00e0tica del\",\"CG\":\"Congo\",\"CK\":\"Illes Cook\",\"CR\":\"Costa Rica\",\"CI\":\"Costa d'Ivori\",\"HR\":\"Cro\\u00e0cia\",\"CU\":\"Cuba\",\"CW\":\"Cura\\u00e7ao\",\"CY\":\"Xipre\",\"CZ\":\"Czechia\",\"DK\":\"Dinamarca\",\"DJ\":\"Djibouti\",\"DM\":\"Dominica\",\"DO\":\"Rep\\u00fablica Dominicana\",\"EC\":\"Equador\",\"EG\":\"Egipte\",\"SV\":\"El Salvador\",\"GQ\":\"Guinea Equatorial\",\"ER\":\"Eritrea\",\"EE\":\"Est\\u00f2nia\",\"SZ\":\"Eswatini\",\"ET\":\"Eti\\u00f2pia\",\"FK\":\"Illes Falkland\",\"FO\":\"Illes F\\u00e8roe\",\"FJ\":\"Fiji\",\"FI\":\"Finl\\u00e0ndia\",\"FR\":\"Fran\\u00e7a\",\"GF\":\"Guaiana Francesa\",\"PF\":\"Polin\\u00e8sia Francesa\",\"TF\":\"Francouzsk\\u00e1 ji\\u017en\\u00ed \\u00fazem\\u00ed\",\"GA\":\"Gabon\",\"GM\":\"G\\u00e0mbia\",\"GE\":\"Georgia\",\"DE\":\"Alemanya\",\"GH\":\"Ghana\",\"GI\":\"Gibraltar\",\"GR\":\"Gr\\u00e8cia\",\"GL\":\"Groenl\\u00e0ndia\",\"GD\":\"Granada\",\"GP\":\"Guadalupe\",\"GU\":\"Guam\",\"GT\":\"Guatemala\",\"GG\":\"Guernsey\",\"GN\":\"Guinea\",\"GW\":\"Guinea Bissau\",\"GY\":\"Guaiana\",\"HT\":\"Hait\\u00ed\",\"HM\":\"Heard Island and McDonald Islands\",\"VA\":\"Holy See\",\"HN\":\"Hondures\",\"HK\":\"Hong Kong\",\"HU\":\"Hongria\",\"IS\":\"Isl\\u00e0ndia\",\"IN\":\"\\u00cdndia\",\"ID\":\"Indon\\u00e8sia\",\"IR\":\"Iran\",\"IQ\":\"Iraq\",\"IE\":\"Irlanda\",\"IM\":\"Illa de Man\",\"IL\":\"Israel\",\"IT\":\"It\\u00e0lia\",\"JM\":\"Jamaica\",\"JP\":\"Jap\\u00f3\",\"JE\":\"Jersey\",\"JO\":\"Jord\\u00e0nia\",\"KZ\":\"Kazakhstan\",\"KE\":\"Kenya\",\"KI\":\"Kiribati\",\"KP\":\"Korea, Democratic People's Republic of\",\"KR\":\"Korea, Republic of\",\"KW\":\"Kuwait\",\"KG\":\"Kirguizistan\",\"LA\":\"Lao People's Democratic Republic\",\"LV\":\"Let\\u00f2nia\",\"LB\":\"L\\u00edban\",\"LS\":\"Lesotho\",\"LR\":\"Lib\\u00e8ria\",\"LY\":\"L\\u00edbia\",\"LI\":\"Liechtenstein\",\"LT\":\"Litu\\u00e0nia\",\"LU\":\"Luxemburg\",\"MO\":\"Macau\",\"MG\":\"Madagascar\",\"MW\":\"Malawi\",\"MY\":\"Mal\\u00e0isia\",\"MV\":\"Maldives\",\"ML\":\"Mali\",\"MT\":\"Malta\",\"MH\":\"Illes Marshall\",\"MQ\":\"Martinica\",\"MR\":\"Maurit\\u00e0nia\",\"MU\":\"Maurici\",\"YT\":\"Mayotte\",\"MX\":\"M\\u00e8xic\",\"FM\":\"Micron\\u00e8sia\",\"MD\":\"Mold\\u00e0via\",\"MC\":\"M\\u00f2naco\",\"MN\":\"Mong\\u00f2lia\",\"ME\":\"Montenegro\",\"MS\":\"Montserrat\",\"MA\":\"Marroc\",\"MZ\":\"Mo\\u00e7ambic\",\"MM\":\"Myanmar\",\"NA\":\"Nam\\u00edbia\",\"NR\":\"Nauru\",\"NP\":\"Nepal\",\"NL\":\"Pa\\u00efsos Baixos\",\"NC\":\"Nova Caled\\u00f2nia\",\"NZ\":\"Nova Zelanda\",\"NI\":\"Nicaragua\",\"NE\":\"N\\u00edger\",\"NG\":\"Nig\\u00e8ria\",\"NU\":\"Niue\",\"NF\":\"Ostrov Norfolk\",\"MK\":\"Maced\\u00f2nia del Nord\",\"MP\":\"Illes Marianes del Nord\",\"NO\":\"Noruega\",\"OM\":\"Oman\",\"PK\":\"Pakistan\",\"PW\":\"Palau\",\"PS\":\"Palestina, Estat de\",\"PA\":\"Panam\\u00e0\",\"PG\":\"Papua Nova Guinea\",\"PY\":\"Paraguai\",\"PE\":\"Per\\u00fa\",\"PH\":\"Filipines\",\"PN\":\"Pitcairn\",\"PL\":\"Pol\\u00f2nia\",\"PT\":\"Portugal\",\"PR\":\"Puerto Rico\",\"QA\":\"Qatar\",\"RE\":\"R\\u00e9union\",\"RO\":\"Romania\",\"RU\":\"Russian Federation\",\"RW\":\"Rwanda\",\"BL\":\"Saint Barth\\u00e9lemy\",\"SH\":\"Saint Helena, Ascension and Tristan da Cunha\",\"KN\":\"Saint Kitts and Nevis\",\"LC\":\"Saint Lucia\",\"MF\":\"Saint Martin\",\"PM\":\"Saint-Pierre i Miquelon\",\"VC\":\"Saint Vincent and the Grenadines\",\"WS\":\"Samoa\",\"SM\":\"San Marino\",\"ST\":\"Sao Tome i Principe\",\"SA\":\"Ar\\u00e0bia Saudita\",\"SN\":\"Senegal\",\"RS\":\"S\\u00e8rbia\",\"SC\":\"Seychelles\",\"SL\":\"Seirra Leone\",\"SG\":\"Singapur\",\"SX\":\"Sint Maarten\",\"SK\":\"Eslov\\u00e0quia\",\"SI\":\"Eslov\\u00e8nia\",\"SB\":\"Illes Solomon\",\"SO\":\"Som\\u00e0lia\",\"ZA\":\"Sud-\\u00c0frica\",\"GS\":\"Illes Ge\\u00f2rgia del Sud i Sandwich del Sud\",\"SS\":\"Sudan del Sud\",\"ES\":\"Espanya\",\"LK\":\"Sri Lanka\",\"SD\":\"Sudan\",\"SR\":\"Surinam\",\"SJ\":\"Svalbard i Jan Mayen\",\"SE\":\"Su\\u00e8cia\",\"CH\":\"Su\\u00efssa\",\"SY\":\"Syria Arab Republic\",\"TW\":\"Taiwan\",\"TJ\":\"Tadjikistan\",\"TZ\":\"Tanzania, the United Republic of\",\"TH\":\"Tail\\u00e0ndia\",\"TL\":\"Timor Oriental\",\"TG\":\"Togo\",\"TK\":\"Tokelau\",\"TO\":\"Tonga\",\"TT\":\"Trinitat i Tobago\",\"TN\":\"Tun\\u00edsia\",\"TR\":\"T\\u00fcrkiye\",\"TM\":\"Turkmenistan\",\"TC\":\"Illes Turks i Caicos\",\"TV\":\"Tuvalu\",\"UG\":\"Uganda\",\"UA\":\"Ucra\\u00efna\",\"AE\":\"Emirats \\u00c0rabs Units\",\"GB\":\"Regne Unit\",\"US\":\"Estats Units\",\"UY\":\"Uruguai\",\"UM\":\"US Minor Outlying Islands\",\"UZ\":\"Uzbekistan\",\"VU\":\"Vanuatu\",\"VE\":\"Vene\\u00e7uela\",\"VN\":\"Viet Nam\",\"VG\":\"Illes Verges Brit\\u00e0niques\",\"VI\":\"Illes Verges, EUA\",\"WF\":\"Wallis i Futuna\",\"EH\":\"S\\u00e0hara Occidental\",\"YE\":\"Iemen\",\"ZM\":\"Z\\u00e0mbia\",\"ZW\":\"Zimbabwe\"},\"strings\":{\"newRowAdded\":\"New row added.\",\"rowRemoved\":\"Row removed\",\"formSaved\":\"The form has been saved.  The content contains the link to return and complete the form.\"}};\t\t\t\tvar gf_vars = {\"active\":\"Actiu\",\"inactive\":\"Inactiu\",\"save\":\"Desa\",\"update\":\"Actualitza\",\"previousLabel\":\"Anterior\",\"selectFormat\":\"Selecciona un format\",\"column\":\"Columna\",\"editToViewAll\":\"Es mostren 5 de %d elements. Edita el camp per veure&#039;ls tots.\",\"selectAll\":\"Selecciona Tot\",\"enterValue\":\"Entra un valor\",\"formTitle\":\"Formulari sense nom\",\"formDescription\":\"Ens agradaria saber coses de tu! Omple el formulari i ens posarem en contacte amb tu r\\u00e0pidament.\",\"formConfirmationMessage\":\"Gr\\u00e0cies per contactar amb nosaltres! Ens posarem en contacte amb tu en breu.\",\"submitButtonText\":\"Submit Button Text\",\"submitImageAltText\":\"Submit Image Alt Text\",\"buttonText\":\"Envia\",\"pageButtonText\":\"Button Text\",\"nextPageButtonAltText\":\"Next Image Alt Text\",\"previousPageButtonAltText\":\"Previous Image Alt Text\",\"next_page_button\":\"Seg\\u00fcent\",\"previous_page_button\":\"Anterior\",\"buttonDescription\":\"The submit button for this form\",\"loading\":\"S&#039;est\\u00e0 carregant...\",\"thisFieldIf\":\"aquest camp si\",\"thisSectionIf\":\"aquesta secci\\u00f3 si\",\"thisPage\":\"this page if\",\"thisFormButton\":\"aquest bot\\u00f3 si\",\"show\":\"Mostra\",\"hide\":\"Amaga\",\"enable\":\"Activa\",\"disable\":\"Zak\\u00e1zat\",\"enabled\":\"Habilitat\",\"disabled\":\"Deshabilitat\",\"configure\":\"Configura\",\"conditional_logic_text\":\"L\\u00f2gica condicional\",\"conditional_logic_desc\":\"Conditional logic allows you to change what the user sees depending on the fields they select.\",\"conditional_logic_a11y\":\"Adding conditional logic to the form submit button could cause usability problems for some users and negatively impact the accessibility of your form. Learn more about button conditional logic in our <a href=\\\"https:\\\/\\\/docs.gravityforms.com\\\/field-accessibility-warning\\\/\\\" target=\\\"_blank\\\" rel=\\\"noopener\\\">documentation<span class=\\\"screen-reader-text\\\">(opens in a new tab)<\\\/span>&nbsp;<span class=\\\"gform-icon gform-icon--external-link\\\" aria-hidden=\\\"true\\\"><\\\/span><\\\/a>.\",\"page\":\"P\\u00e0gina\",\"next_button\":\"Bot\\u00f3 seg\\u00fcent\",\"button\":\"Submit Button\",\"all\":\"Tots\",\"any\":\"Cap\",\"ofTheFollowingMatch\":\"coincideix un dels seg\\u00fcents:\",\"is\":\"\\u00e9s\",\"isNot\":\"no \\u00e9s\",\"greaterThan\":\"m\\u00e9s gran que\",\"lessThan\":\"m\\u00e9s petit que\",\"contains\":\"cont\\u00e9\",\"startsWith\":\"comen\\u00e7a per\",\"endsWith\":\"acaba en\",\"emptyChoice\":\"Empty (no choices selected)\",\"alertLegacyMode\":\"This form has legacy markup enabled and doesn\\u2019t support field resizing within the editor. Please disable legacy markup in the form settings to enable live resizing.\",\"thisConfirmation\":\"Usa aquesta confirmaci\\u00f3 si\",\"thisNotification\":\"Envia aquesta notificaci\\u00f3 si\",\"confirmationSave\":\"Desa\",\"confirmationSaving\":\"S&#039;est\\u00e0 desant...\",\"confirmationAreYouSure\":\"Voleu cancel\\u00b7lar els canvis?\",\"confirmationIssueSaving\":\"S'ha produ\\u00eft un problema en desar la confirmaci\\u00f3.\",\"confirmationConfirmDelete\":\"Segur que voleu eliminar aquesta confirmaci\\u00f3?\",\"confirmationIssueDeleting\":\"S'ha produ\\u00eft un problema en suprimir aquesta confirmaci\\u00f3.\",\"confirmationConfirmDiscard\":\"Hi ha canvis no gravats en aquesta confirmaci\\u00f3. Voleu descartar-los?\",\"confirmationDefaultName\":\"Confirmaci\\u00f3 sense t\\u00edtol\",\"confirmationDefaultMessage\":\"Gr\\u00e0cies per contactar amb nosaltres! Ens posarem en contacte amb tu en breu.\",\"confirmationInvalidPageSelection\":\"Seleccioneu una p\\u00e0gina.\",\"confirmationInvalidRedirect\":\"Entrodu\\u00efu una URL.\",\"confirmationInvalidName\":\"Introdu\\u00efu un nom de confirmaci\\u00f3.\",\"confirmationDeleteField\":\"Deleting this field will also delete all entry data associated with it. 'Cancel' to abort. 'OK' to delete.\",\"confirmationDeleteDisplayField\":\"You're about to delete this field. 'Cancel' to stop. 'OK' to delete\",\"confirmationDeleteDisplayFieldTitle\":\"Atenci\\u00f3!\",\"conditionalLogicDependency\":\"This form contains {type} conditional logic dependent upon this field. Deleting this field will deactivate those conditional logic rules and also delete all entry data associated with the field. 'Cancel' to abort. 'OK' to delete.\",\"conditionalLogicDependencyChoice\":\"This form contains {type} conditional logic dependent upon this choice. Are you sure you want to delete this choice? 'Cancel' to abort. 'OK' to delete.\",\"conditionalLogicDependencyChoiceEdit\":\"This form contains {type} conditional logic dependent upon this choice. Are you sure you want to modify this choice? 'Cancel' to abort. 'OK' to continue.\",\"conditionalLogicDependencyAdminOnly\":\"This form contains {type} conditional logic dependent upon this field. Are you sure you want to mark this field as Administrative? 'Cancel' to abort. 'OK' to continue.\",\"conditionalLogicRichTextEditorWarning\":\"This form contains conditional logic dependent upon this field. This will no longer work if the Rich Text Editor is enabled.  Are you sure you want to enable the Rich Text Editor?  'Cancel' to abort. 'OK' to continue.\",\"conditionalLogicTypeButton\":\"button\",\"conditionalLogicTypeConfirmation\":\"confirmation\",\"conditionalLogicTypeNotification\":\"notification\",\"conditionalLogicTypeNoficationRouting\":\"notification routing\",\"conditionalLogicTypeField\":\"field\",\"conditionalLogicTypeFeed\":\"feed\",\"conditionalLogicWarningTitle\":\"Conditional Logic Warning\",\"mergeTagsText\":\"Insert Merge Tags\",\"baseUrl\":\"https:\\\/\\\/www.valerotaxlegal.com\\\/wp-content\\\/plugins\\\/gravityforms\",\"gf_currency_config\":{\"name\":\"Euro\",\"symbol_left\":\"\",\"symbol_right\":\"&#8364;\",\"symbol_padding\":\" \",\"thousand_separator\":\".\",\"decimal_separator\":\",\",\"decimals\":2,\"code\":\"EUR\"},\"otherChoiceValue\":\"Altres\",\"isFormTrash\":false,\"currentlyAddingField\":false,\"visibilityOptions\":[{\"label\":\"Visible\",\"value\":\"visible\",\"description\":\"Opci\\u00f3 per defecte. El camp \\u00e9s visible quan es visualitza el formulari.\"},{\"label\":\"Ocult\",\"value\":\"hidden\",\"description\":\"El camp est\\u00e0 ocult quan es visualitza el formulari. Aix\\u00f2 pot ser \\u00fatil si voleu la funcionalitat del camp per\\u00f2 no voleu que l'usuari el vegi.\"},{\"label\":\"Administratiu\",\"value\":\"administrative\",\"description\":\"El camp nom\\u00e9s \\u00e9s visible quan s'administren les entrades enviades. El camp no \\u00e9s visible ni funcional quan es mostra el formulari.\"}],\"addFieldFilter\":\"Afegeix una condici\\u00f3\",\"removeFieldFilter\":\"Elimina una condici\\u00f3\",\"filterAndAny\":\"{0} of the following match:\",\"customChoices\":\"Opcions personalitzades\",\"predefinedChoices\":\"Opcions predefinides\",\"fieldLabelAriaLabel\":\"{field_label} - {field_type}, jump to this field&#039;s settings\",\"fieldCanBeAddedTitle\":\"Field Limit\",\"fieldCanBeAddedMessage\":\"A form can only contain one {field_type} field.\",\"fieldCanBeAddedProductTitle\":\"Missing Product field\",\"fieldCanBeAddedProduct\":\"You must add a Product field to the form first.\",\"fieldForbiddenInRepeaterTitle\":\"Unrepeatable Field\",\"fieldForbiddenInRepeater\":\"{field_type} fields are not supported in Repeaters.\",\"legacyMarkupTitle\":\"Unsupported Markup\",\"fieldCanBeAddedMultipleChoice\":\"You cannot add a Multiple Choice field to a form that uses legacy markup. Please edit the form settings and turn off Legacy Markup.\",\"fieldCanBeAddedImageChoice\":\"You cannot add an Image Choice field to a form that uses legacy markup. Please edit the form settings and turn off Legacy Markup.\",\"FieldAjaxonErrorTitle\":\"Error\",\"StartAddFieldAjaxonError\":\"Ajax error while adding field. Please refresh the page and try again.\",\"StartChangeInputTypeAjaxonError\":\"Ajax error while changing input type. Please refresh the page and try again.\",\"MissingNameCustomChoicesTitle\":\"Missing Name\",\"MissingNameCustomChoices\":\"Please give this custom choice a name.\",\"DuplicateNameCustomChoicesTitle\":\"Duplicate Name\",\"DuplicateNameCustomChoices\":\"Aquest nom d&#039;opci\\u00f3 personalitzada ja est\\u00e0 en \\u00fas. Cal un altre nom.\",\"DuplicateTitleMessageTitle\":\"Duplicate Title\",\"DuplicateTitleMessage\":\"El t\\u00edtol ja est\\u00e0 en \\u00fas. Trieu-ne un altre.\",\"ValidateFormMissingFormTitleTitle\":\"Missing Form Title\",\"ValidateFormMissingFormTitle\":\"Introdu\\u00efu un t\\u00edtol per a aquest formulari. En afegir el formulari en una p\\u00e0gina o entrada, tindreu l&#039;opci\\u00f3 d&#039;ocultar el t\\u00edtol.\",\"ValidateFormEmptyPageTitle\":\"Empty Page\",\"ValidateFormEmptyPage\":\"This form currently has one or more pages without any fields. Blank pages are a result of Page Breaks that are positioned as the first or last field in the form or right after each other. Please adjust the Page Breaks.\",\"ValidateFormMissingProductLabelTitle\":\"Missing Product Label\",\"ValidateFormMissingProductLabel\":\"This form has a Product field with a blank label. Please enter a label for every Product field.\",\"ValidateFormMissingProductFieldTitle\":\"Missing Product field\",\"ValidateFormMissingProductField\":\"This form has an Option field without a Product field. You must add a Product field to your form.\",\"FormulaIsValidTitle\":\"Aconseguit\",\"FormulaIsValid\":\"La f\\u00f3rmula sembla ser v\\u00e0lida.\",\"FormulaIsInvalid\":\"Sembla que hi ha un problema amb la f\\u00f3rmula.\",\"DeleteFormTitle\":\"Confirma\",\"DeleteForm\":\"You are about to move this form to the trash. &#039;Cancel&#039; to abort. &#039;OK&#039; to delete.\",\"DeleteCustomChoice\":\"Delete this custom choice list? &#039;Cancel&#039; to abort. &#039;OK&#039; to delete.\",\"FieldAdded\":\"&nbsp;field added to form\",\"nameFieldDefaultPrefixes\":[{\"text\":\"Dr.\",\"value\":\"Dr.\"},{\"text\":\"Miss\",\"value\":\"Miss\"},{\"text\":\"Mr.\",\"value\":\"Mr.\"},{\"text\":\"Mrs.\",\"value\":\"Mrs.\"},{\"text\":\"Ms.\",\"value\":\"Ms.\"},{\"text\":\"Mx.\",\"value\":\"Mx.\"},{\"text\":\"Prof.\",\"value\":\"Prof.\"},{\"text\":\"Rev.\",\"value\":\"Rev.\"}]};\t\t\t<\/script>\n\n            <script type=\"text\/javascript\">\n                \/* EA Gravity Forms - ensure GF's per-form post-render event dispatches\n                 * even when the widget's render context prevents GF's standard\n                 * GFFormDisplay::footer_init_scripts() per-form trigger from executing.\n                 * Without this, third-party GF add-ons (e.g. Gravity Forms reCAPTCHA\n                 * Add-On v2.2.2+) that hook into `gform\/post_render` to register\n                 * submission filters will never fire, breaking v3 token population.\n                 *\/\n                ( function () {\n                    var formId = 10;\n                    if ( typeof window.gform === 'undefined'\n                         || typeof window.gform.initializeOnLoaded !== 'function' ) {\n                        return;\n                    }\n                    window.gform.initializeOnLoaded( function () {\n                        var flag = '__eaelGfPostRenderFired_' + formId;\n                        if ( window[ flag ] ) { return; }\n                        if ( window.gform && window.gform.core\n                             && typeof window.gform.core.triggerPostRenderEvents === 'function' ) {\n                            window[ flag ] = true;\n                            window.gform.core.triggerPostRenderEvents( formId, 1 );\n                        }\n                    } );\n                } )();\n            <\/script>\n            \t\t\t\t<\/div>\n\t\t\t\t<\/div>\n\t\t\t\t\t<\/div>\n\t\t<\/div>\n\t\t\t\t\t<\/div>\n\t\t<\/section>\n\t\t\t\t\t<\/div>\n\t\t<\/div>\n\t\t\t\t\t<\/div>\n\t\t<\/section>\n\t\t\t\t<section class=\"elementor-section elementor-top-section elementor-element elementor-element-3946de6 elementor-section-boxed elementor-section-height-default elementor-section-height-default\" data-id=\"3946de6\" data-element_type=\"section\" data-e-type=\"section\" data-settings=\"{&quot;_ha_eqh_enable&quot;:false}\">\n\t\t\t\t\t\t<div class=\"elementor-container elementor-column-gap-default\">\n\t\t\t\t\t<div class=\"elementor-column elementor-col-100 elementor-top-column elementor-element elementor-element-5c08dfb elementor-invisible\" data-id=\"5c08dfb\" data-element_type=\"column\" data-e-type=\"column\" data-settings=\"{&quot;animation&quot;:&quot;fadeInUp&quot;,&quot;animation_delay&quot;:2000}\">\n\t\t\t<div class=\"elementor-widget-wrap elementor-element-populated\">\n\t\t\t\t\t\t<div class=\"elementor-element elementor-element-b5c821a elementor-widget elementor-widget-text-editor\" data-id=\"b5c821a\" data-element_type=\"widget\" data-e-type=\"widget\" data-widget_type=\"text-editor.default\">\n\t\t\t\t<div class=\"elementor-widget-container\">\n\t\t\t\t\t\t\t\t\t<p><strong>Visats a Espanya: beneficis i possibilitats per a sol\u00b7licitants i fam\u00edlies<\/strong><\/p>\t\t\t\t\t\t\t\t<\/div>\n\t\t\t\t<\/div>\n\t\t\t\t<div class=\"elementor-element elementor-element-4797775 elementor-widget elementor-widget-text-editor\" data-id=\"4797775\" data-element_type=\"widget\" data-e-type=\"widget\" data-widget_type=\"text-editor.default\">\n\t\t\t\t<div class=\"elementor-widget-container\">\n\t\t\t\t\t\t\t\t\t<p>Els diferents visats permeten als sol\u00b7licitants i les seves fam\u00edlies residir a Espanya i gaudir de beneficis com ara l&#8217;acc\u00e9s al mercat laboral, la mobilitat per Europa i la possibilitat de sol\u00b7licitar la nacionalitat despr\u00e9s d&#8217;un per\u00edode de resid\u00e8ncia legal.<\/p>\t\t\t\t\t\t\t\t<\/div>\n\t\t\t\t<\/div>\n\t\t\t\t\t<\/div>\n\t\t<\/div>\n\t\t\t\t\t<\/div>\n\t\t<\/section>\n\t\t<div class=\"elementor-element elementor-element-4d427cd e-con-full e-ecs-flex e-flex e-con e-parent\" data-id=\"4d427cd\" data-element_type=\"container\" data-e-type=\"container\" data-settings=\"{&quot;ecs_container_type&quot;:&quot;flex&quot;,&quot;_ha_eqh_enable&quot;:false}\">\n\t\t\t\t<div class=\"elementor-element elementor-element-a6f8888 e-n-tabs-none elementor-widget elementor-widget-n-tabs\" data-id=\"a6f8888\" data-element_type=\"widget\" data-e-type=\"widget\" data-settings=\"{&quot;horizontal_scroll_mobile&quot;:&quot;enable&quot;,&quot;horizontal_scroll&quot;:&quot;disable&quot;}\" data-widget_type=\"nested-tabs.default\">\n\t\t\t\t<div class=\"elementor-widget-container\">\n\t\t\t\t\t\t\t<div class=\"e-n-tabs\" data-widget-number=\"175081608\" aria-label=\"Tabuladors. Obre elements amb Retorn o Espai, tanca amb Esc i navega amb les tecles de fletxa.\">\n\t\t\t<div class=\"e-n-tabs-heading\" role=\"tablist\">\n\t\t\t\t\t<button id=\"e-n-tab-title-1750816081\" data-tab-title-id=\"e-n-tab-title-1750816081\" class=\"e-n-tab-title\" aria-selected=\"true\" data-tab-index=\"1\" role=\"tab\" tabindex=\"0\" aria-controls=\"e-n-tab-content-1750816081\" style=\"--n-tabs-title-order: 1;\">\n\t\t\t\t\t\t<span class=\"e-n-tab-title-text\">\n\t\t\t\tVisa de n\u00f2mada<br>digital a Espanya\t\t\t<\/span>\n\t\t<\/button>\n\t\t\t\t<button id=\"e-n-tab-title-1750816082\" data-tab-title-id=\"e-n-tab-title-1750816082\" class=\"e-n-tab-title\" aria-selected=\"false\" data-tab-index=\"2\" role=\"tab\" tabindex=\"-1\" aria-controls=\"e-n-tab-content-1750816082\" style=\"--n-tabs-title-order: 2;\">\n\t\t\t\t\t\t<span class=\"e-n-tab-title-text\">\n\t\t\t\tResid\u00e8ncia per a <br>Inversors\/Golden visa\t\t\t<\/span>\n\t\t<\/button>\n\t\t\t\t<button id=\"e-n-tab-title-1750816083\" data-tab-title-id=\"e-n-tab-title-1750816083\" class=\"e-n-tab-title\" aria-selected=\"false\" data-tab-index=\"3\" role=\"tab\" tabindex=\"-1\" aria-controls=\"e-n-tab-content-1750816083\" style=\"--n-tabs-title-order: 3;\">\n\t\t\t\t\t\t<span class=\"e-n-tab-title-text\">\n\t\t\t\tVisat de treball com a <br>treballador altament qualificat\t\t\t<\/span>\n\t\t<\/button>\n\t\t\t\t\t<\/div>\n\t\t\t<div class=\"e-n-tabs-content\">\n\t\t\t\t<div id=\"e-n-tab-content-1750816081\" role=\"tabpanel\" aria-labelledby=\"e-n-tab-title-1750816081\" data-tab-index=\"1\" style=\"--n-tabs-title-order: 1;\" class=\"e-active elementor-element elementor-element-9e884c0 e-con-full e-ecs-flex e-flex e-con e-child\" data-id=\"9e884c0\" data-element_type=\"container\" data-e-type=\"container\" data-settings=\"{&quot;ecs_container_type&quot;:&quot;flex&quot;,&quot;_ha_eqh_enable&quot;:false}\">\n\t\t<div class=\"elementor-element elementor-element-9aee92f e-ecs-flex e-flex e-con-boxed e-con e-child\" data-id=\"9aee92f\" data-element_type=\"container\" data-e-type=\"container\" data-settings=\"{&quot;background_background&quot;:&quot;classic&quot;,&quot;ecs_container_type&quot;:&quot;flex&quot;,&quot;_ha_eqh_enable&quot;:false}\">\n\t\t\t\t\t<div class=\"e-con-inner\">\n\t\t\t\t<div class=\"elementor-element elementor-element-99966eb elementor-invisible elementor-widget elementor-widget-text-editor\" data-id=\"99966eb\" data-element_type=\"widget\" data-e-type=\"widget\" data-settings=\"{&quot;_animation&quot;:&quot;fadeInUp&quot;}\" data-widget_type=\"text-editor.default\">\n\t\t\t\t<div class=\"elementor-widget-container\">\n\t\t\t\t\t\t\t\t\t<p><strong>Beneficis que ofereix la Visa de n\u00f2mada digital<\/strong><\/p>\t\t\t\t\t\t\t\t<\/div>\n\t\t\t\t<\/div>\n\t\t<div class=\"elementor-element elementor-element-1ebec83 e-con-full e-ecs-flex e-flex elementor-invisible e-con e-child\" data-id=\"1ebec83\" data-element_type=\"container\" data-e-type=\"container\" data-settings=\"{&quot;animation&quot;:&quot;fadeInUp&quot;,&quot;ecs_container_type&quot;:&quot;flex&quot;,&quot;_ha_eqh_enable&quot;:false}\">\n\t\t\t\t<div class=\"elementor-element elementor-element-0f33ed1 elementor-widget__width-initial elementor-position-top elementor-widget elementor-widget-image-box\" data-id=\"0f33ed1\" data-element_type=\"widget\" data-e-type=\"widget\" data-widget_type=\"image-box.default\">\n\t\t\t\t<div class=\"elementor-widget-container\">\n\t\t\t\t\t<div class=\"elementor-image-box-wrapper\"><figure class=\"elementor-image-box-img\"><img fetchpriority=\"high\" decoding=\"async\" width=\"1082\" height=\"861\" src=\"https:\/\/www.valerotaxlegal.com\/wp-content\/uploads\/2024\/09\/beneficio-fiscal.png\" class=\"attachment-full size-full wp-image-5453\" alt=\"\" srcset=\"https:\/\/www.valerotaxlegal.com\/wp-content\/uploads\/2024\/09\/beneficio-fiscal.png 1082w, https:\/\/www.valerotaxlegal.com\/wp-content\/uploads\/2024\/09\/beneficio-fiscal-300x239.png 300w, https:\/\/www.valerotaxlegal.com\/wp-content\/uploads\/2024\/09\/beneficio-fiscal-1024x815.png 1024w, https:\/\/www.valerotaxlegal.com\/wp-content\/uploads\/2024\/09\/beneficio-fiscal-768x611.png 768w\" sizes=\"(max-width: 1082px) 100vw, 1082px\" \/><\/figure><div class=\"elementor-image-box-content\"><h3 class=\"elementor-image-box-title\">Beneficis fiscals<\/h3><\/div><\/div>\t\t\t\t<\/div>\n\t\t\t\t<\/div>\n\t\t\t\t<div class=\"elementor-element elementor-element-1989161 elementor-widget__width-initial elementor-position-top elementor-widget elementor-widget-image-box\" data-id=\"1989161\" data-element_type=\"widget\" data-e-type=\"widget\" data-widget_type=\"image-box.default\">\n\t\t\t\t<div class=\"elementor-widget-container\">\n\t\t\t\t\t<div class=\"elementor-image-box-wrapper\"><figure class=\"elementor-image-box-img\"><img decoding=\"async\" width=\"1082\" height=\"861\" src=\"https:\/\/www.valerotaxlegal.com\/wp-content\/uploads\/2024\/09\/beneficio-digital.png\" class=\"attachment-full size-full wp-image-5450\" alt=\"\" srcset=\"https:\/\/www.valerotaxlegal.com\/wp-content\/uploads\/2024\/09\/beneficio-digital.png 1082w, https:\/\/www.valerotaxlegal.com\/wp-content\/uploads\/2024\/09\/beneficio-digital-300x239.png 300w, https:\/\/www.valerotaxlegal.com\/wp-content\/uploads\/2024\/09\/beneficio-digital-1024x815.png 1024w, https:\/\/www.valerotaxlegal.com\/wp-content\/uploads\/2024\/09\/beneficio-digital-768x611.png 768w\" sizes=\"(max-width: 1082px) 100vw, 1082px\" \/><\/figure><div class=\"elementor-image-box-content\"><h3 class=\"elementor-image-box-title\">Beneficis digitals<\/h3><\/div><\/div>\t\t\t\t<\/div>\n\t\t\t\t<\/div>\n\t\t\t\t<\/div>\n\t\t\t\t\t<\/div>\n\t\t\t\t<\/div>\n\t\t<div class=\"elementor-element elementor-element-4c9025c e-ecs-flex e-flex e-con-boxed e-con e-child\" data-id=\"4c9025c\" data-element_type=\"container\" data-e-type=\"container\" data-settings=\"{&quot;background_background&quot;:&quot;classic&quot;,&quot;ecs_container_type&quot;:&quot;flex&quot;,&quot;_ha_eqh_enable&quot;:false}\">\n\t\t\t\t\t<div class=\"e-con-inner\">\n\t\t\t\t<div class=\"elementor-element elementor-element-c7e467c elementor-widget elementor-widget-text-editor\" data-id=\"c7e467c\" data-element_type=\"widget\" data-e-type=\"widget\" data-widget_type=\"text-editor.default\">\n\t\t\t\t<div class=\"elementor-widget-container\">\n\t\t\t\t\t\t\t\t\t<p><strong>Com venir a viure a Espanya i continuar treballant a dist\u00e0ncia?<\/strong><\/p>\t\t\t\t\t\t\t\t<\/div>\n\t\t\t\t<\/div>\n\t\t<div class=\"elementor-element elementor-element-a2f33c5 e-con-full e-ecs-flex e-flex e-con e-child\" data-id=\"a2f33c5\" data-element_type=\"container\" data-e-type=\"container\" data-settings=\"{&quot;ecs_container_type&quot;:&quot;flex&quot;,&quot;_ha_eqh_enable&quot;:false}\">\n\t\t<div class=\"elementor-element elementor-element-9438d7e e-ecs-flex e-flex e-con-boxed e-con e-child\" data-id=\"9438d7e\" data-element_type=\"container\" data-e-type=\"container\" data-settings=\"{&quot;background_background&quot;:&quot;classic&quot;,&quot;ecs_container_type&quot;:&quot;flex&quot;,&quot;_ha_eqh_enable&quot;:false}\">\n\t\t\t\t\t<div class=\"e-con-inner\">\n\t\t\t\t\t<\/div>\n\t\t\t\t<\/div>\n\t\t<div class=\"elementor-element elementor-element-8320136 e-ecs-flex e-flex e-con-boxed e-con e-child\" data-id=\"8320136\" data-element_type=\"container\" data-e-type=\"container\" data-settings=\"{&quot;ecs_container_type&quot;:&quot;flex&quot;,&quot;_ha_eqh_enable&quot;:false}\">\n\t\t\t\t\t<div class=\"e-con-inner\">\n\t\t<div class=\"elementor-element elementor-element-bd6cb6a e-ecs-flex e-flex e-con-boxed e-con e-child\" data-id=\"bd6cb6a\" data-element_type=\"container\" data-e-type=\"container\" data-settings=\"{&quot;ecs_container_type&quot;:&quot;flex&quot;,&quot;_ha_eqh_enable&quot;:false}\">\n\t\t\t\t\t<div class=\"e-con-inner\">\n\t\t\t\t<div class=\"elementor-element elementor-element-b454d94 elementor-icon-list--layout-traditional elementor-list-item-link-full_width elementor-widget elementor-widget-icon-list\" data-id=\"b454d94\" data-element_type=\"widget\" data-e-type=\"widget\" data-widget_type=\"icon-list.default\">\n\t\t\t\t<div class=\"elementor-widget-container\">\n\t\t\t\t\t\t\t<ul class=\"elementor-icon-list-items\">\n\t\t\t\t\t\t\t<li class=\"elementor-icon-list-item\">\n\t\t\t\t\t\t\t\t\t\t\t<span class=\"elementor-icon-list-icon\">\n\t\t\t\t\t\t\t<i aria-hidden=\"true\" class=\"fas fa-check\"><\/i>\t\t\t\t\t\t<\/span>\n\t\t\t\t\t\t\t\t\t\t<span class=\"elementor-icon-list-text\"><b>Rapidesa en la resoluci\u00f3:<\/b> Un cop envieu la vostra sol\u00b7licitud de visat, rebreu la resoluci\u00f3 en aproximadament 20 dies.<\/span>\n\t\t\t\t\t\t\t\t\t<\/li>\n\t\t\t\t\t\t\t\t<li class=\"elementor-icon-list-item\">\n\t\t\t\t\t\t\t\t\t\t\t<span class=\"elementor-icon-list-icon\">\n\t\t\t\t\t\t\t<i aria-hidden=\"true\" class=\"fas fa-check\"><\/i>\t\t\t\t\t\t<\/span>\n\t\t\t\t\t\t\t\t\t\t<span class=\"elementor-icon-list-text\"><b>Sol\u00b7licita la nacionalitat:<\/b> Pots fer-ho nom\u00e9s despr\u00e9s d'haver residit legalment a Espanya durant 5 anys i haver renovat el teu visat cont\u00ednuament.<\/span>\n\t\t\t\t\t\t\t\t\t<\/li>\n\t\t\t\t\t\t\t\t<li class=\"elementor-icon-list-item\">\n\t\t\t\t\t\t\t\t\t\t\t<span class=\"elementor-icon-list-icon\">\n\t\t\t\t\t\t\t<i aria-hidden=\"true\" class=\"fas fa-check\"><\/i>\t\t\t\t\t\t<\/span>\n\t\t\t\t\t\t\t\t\t\t<span class=\"elementor-icon-list-text\"><b>Paga menys impostos:<\/b> Pots triar tributar com a no resident amb una taxa fixa del 24%, en lloc d'enfrontar-te a un impost progressiu fins al 48%.<\/span>\n\t\t\t\t\t\t\t\t\t<\/li>\n\t\t\t\t\t\t\t\t<li class=\"elementor-icon-list-item\">\n\t\t\t\t\t\t\t\t\t\t\t<span class=\"elementor-icon-list-icon\">\n\t\t\t\t\t\t\t<i aria-hidden=\"true\" class=\"fas fa-check\"><\/i>\t\t\t\t\t\t<\/span>\n\t\t\t\t\t\t\t\t\t\t<span class=\"elementor-icon-list-text\"><b>Viatja amb la teva familia:<\/b> Pots portar els teus familiars amb tu, sempre que demostris que disposes de fons suficients per a cadascun d'ells.<\/span>\n\t\t\t\t\t\t\t\t\t<\/li>\n\t\t\t\t\t\t<\/ul>\n\t\t\t\t\t\t<\/div>\n\t\t\t\t<\/div>\n\t\t\t\t\t<\/div>\n\t\t\t\t<\/div>\n\t\t\t\t\t<\/div>\n\t\t\t\t<\/div>\n\t\t\t\t<\/div>\n\t\t\t\t\t<\/div>\n\t\t\t\t<\/div>\n\t\t<div class=\"elementor-element elementor-element-54ba41f e-ecs-flex e-flex e-con-boxed e-con e-child\" data-id=\"54ba41f\" data-element_type=\"container\" data-e-type=\"container\" data-settings=\"{&quot;background_background&quot;:&quot;classic&quot;,&quot;ecs_container_type&quot;:&quot;flex&quot;,&quot;_ha_eqh_enable&quot;:false}\">\n\t\t\t\t\t<div class=\"e-con-inner\">\n\t\t\t\t<div class=\"elementor-element elementor-element-c948378 elementor-widget elementor-widget-text-editor\" data-id=\"c948378\" data-element_type=\"widget\" data-e-type=\"widget\" data-widget_type=\"text-editor.default\">\n\t\t\t\t<div class=\"elementor-widget-container\">\n\t\t\t\t\t\t\t\t\t<p><strong>Requisits i assessorament personalitzat per al proc\u00e9s de sol\u00b7licitud de la visa de n\u00f2mada digital a Espanya:<\/strong><\/p>\t\t\t\t\t\t\t\t<\/div>\n\t\t\t\t<\/div>\n\t\t\t\t<div class=\"elementor-element elementor-element-dd9918d elementor-widget elementor-widget-text-editor\" data-id=\"dd9918d\" data-element_type=\"widget\" data-e-type=\"widget\" data-widget_type=\"text-editor.default\">\n\t\t\t\t<div class=\"elementor-widget-container\">\n\t\t\t\t\t\t\t\t\t<ul><li>Tenir almenys 3 anys d&#8217;experi\u00e8ncia laboral a l&#8217;\u00e0rea o t\u00edtol professional relacionat.<\/li><li>Haver treballat com a m\u00ednim 3 mesos per a una empresa estrangera amb un contracte de m\u00ednim 1 any.<\/li><li>Comptar amb autoritzaci\u00f3 escrita per treballar a dist\u00e0ncia.<\/li><li>L&#8217;empresa ha d&#8217;estar ubicada fora d&#8217;Espanya.<\/li><li>Els ingressos de clients espanyols no han de superar el 20% dels ingressos totals.<\/li><li>Tenir un nivell d&#8217;ingressos almenys de 30.240\u20ac (m\u00e9s si viatges amb familiars).<\/li><li>Presentar antecedents penals sense c\u00e0rrecs.<\/li><li>Comptar amb una asseguran\u00e7a m\u00e8dica privada amb cobertura total a Espanya.<\/li><\/ul>\t\t\t\t\t\t\t\t<\/div>\n\t\t\t\t<\/div>\n\t\t\t\t\t<\/div>\n\t\t\t\t<\/div>\n\t\t\t\t<\/div>\n\t\t<div id=\"e-n-tab-content-1750816082\" role=\"tabpanel\" aria-labelledby=\"e-n-tab-title-1750816082\" data-tab-index=\"2\" style=\"--n-tabs-title-order: 2;\" class=\" elementor-element elementor-element-2a8698b e-con-full e-ecs-flex e-flex e-con e-child\" data-id=\"2a8698b\" data-element_type=\"container\" data-e-type=\"container\" data-settings=\"{&quot;ecs_container_type&quot;:&quot;flex&quot;,&quot;_ha_eqh_enable&quot;:false}\">\n\t\t<div class=\"elementor-element elementor-element-14ffe23 e-ecs-flex e-flex e-con-boxed e-con e-child\" data-id=\"14ffe23\" data-element_type=\"container\" data-e-type=\"container\" data-settings=\"{&quot;background_background&quot;:&quot;classic&quot;,&quot;ecs_container_type&quot;:&quot;flex&quot;,&quot;_ha_eqh_enable&quot;:false}\">\n\t\t\t\t\t<div class=\"e-con-inner\">\n\t\t\t\t<div class=\"elementor-element elementor-element-8db418d elementor-widget elementor-widget-text-editor\" data-id=\"8db418d\" data-element_type=\"widget\" data-e-type=\"widget\" data-widget_type=\"text-editor.default\">\n\t\t\t\t<div class=\"elementor-widget-container\">\n\t\t\t\t\t\t\t\t\t<p><strong>Qu\u00e8 \u00e9s la resid\u00e8ncia d&#8217;inversors a Espanya?<\/strong><\/p>\t\t\t\t\t\t\t\t<\/div>\n\t\t\t\t<\/div>\n\t\t\t\t<div class=\"elementor-element elementor-element-9e2a8a0 elementor-widget elementor-widget-text-editor\" data-id=\"9e2a8a0\" data-element_type=\"widget\" data-e-type=\"widget\" data-widget_type=\"text-editor.default\">\n\t\t\t\t<div class=\"elementor-widget-container\">\n\t\t\t\t\t\t\t\t\t<p>\u00c9s un programa de resid\u00e8ncies <strong>per a inversors estrangers que vulguin viure i treballar a Espanya.<\/strong><\/p><p>Realitzant una inversi\u00f3 al pa\u00eds \u2014ja sigui en deute p\u00fablic, accions, dip\u00f2sits bancaris o altres opcions permeses\u2014 <strong>els inversors poden obtenir un perm\u00eds de resid\u00e8ncia a llarg termini.<\/strong><\/p><p>Aquest visat especial <strong>permet als inversors i les seves fam\u00edlies residir i treballar legalment a Espanya<\/strong> i, en alguns casos, viatgen lliurement per tot l&#8217;espai Schengen.<\/p>\t\t\t\t\t\t\t\t<\/div>\n\t\t\t\t<\/div>\n\t\t\t\t\t<\/div>\n\t\t\t\t<\/div>\n\t\t<div class=\"elementor-element elementor-element-5b77c7e e-ecs-flex e-flex e-con-boxed e-con e-child\" data-id=\"5b77c7e\" data-element_type=\"container\" data-e-type=\"container\" data-settings=\"{&quot;background_background&quot;:&quot;classic&quot;,&quot;ecs_container_type&quot;:&quot;flex&quot;,&quot;_ha_eqh_enable&quot;:false}\">\n\t\t\t\t\t<div class=\"e-con-inner\">\n\t\t\t\t<div class=\"elementor-element elementor-element-11c61af elementor-widget elementor-widget-text-editor\" data-id=\"11c61af\" data-element_type=\"widget\" data-e-type=\"widget\" data-widget_type=\"text-editor.default\">\n\t\t\t\t<div class=\"elementor-widget-container\">\n\t\t\t\t\t\t\t\t\t<p><strong>Beneficis de sol\u00b7licitar la resid\u00e8ncia d&#8217;inversors a Espanya:<\/strong><\/p>\t\t\t\t\t\t\t\t<\/div>\n\t\t\t\t<\/div>\n\t\t<div class=\"elementor-element elementor-element-8b2f198 e-con-full e-ecs-flex e-flex e-con e-child\" data-id=\"8b2f198\" data-element_type=\"container\" data-e-type=\"container\" data-settings=\"{&quot;ecs_container_type&quot;:&quot;flex&quot;,&quot;_ha_eqh_enable&quot;:false}\">\n\t\t<div class=\"elementor-element elementor-element-8e4ffe2 e-ecs-flex e-flex e-con-boxed e-con e-child\" data-id=\"8e4ffe2\" data-element_type=\"container\" data-e-type=\"container\" data-settings=\"{&quot;background_background&quot;:&quot;classic&quot;,&quot;ecs_container_type&quot;:&quot;flex&quot;,&quot;_ha_eqh_enable&quot;:false}\">\n\t\t\t\t\t<div class=\"e-con-inner\">\n\t\t\t\t\t<\/div>\n\t\t\t\t<\/div>\n\t\t<div class=\"elementor-element elementor-element-d514c67 e-ecs-flex e-flex e-con-boxed e-con e-child\" data-id=\"d514c67\" data-element_type=\"container\" data-e-type=\"container\" data-settings=\"{&quot;ecs_container_type&quot;:&quot;flex&quot;,&quot;_ha_eqh_enable&quot;:false}\">\n\t\t\t\t\t<div class=\"e-con-inner\">\n\t\t\t\t<div class=\"elementor-element elementor-element-a762df0 elementor-icon-list--layout-traditional elementor-list-item-link-full_width elementor-widget elementor-widget-icon-list\" data-id=\"a762df0\" data-element_type=\"widget\" data-e-type=\"widget\" data-widget_type=\"icon-list.default\">\n\t\t\t\t<div class=\"elementor-widget-container\">\n\t\t\t\t\t\t\t<ul class=\"elementor-icon-list-items\">\n\t\t\t\t\t\t\t<li class=\"elementor-icon-list-item\">\n\t\t\t\t\t\t\t\t\t\t\t<span class=\"elementor-icon-list-icon\">\n\t\t\t\t\t\t\t<i aria-hidden=\"true\" class=\"fas fa-check\"><\/i>\t\t\t\t\t\t<\/span>\n\t\t\t\t\t\t\t\t\t\t<span class=\"elementor-icon-list-text\"><b>Resid\u00e8ncia legal:<\/b> Et permet treballar i viure legalment a Espanya, incl\u00f2s el perm\u00eds de treball, sempre que siguis major d'edat.<\/span>\n\t\t\t\t\t\t\t\t\t<\/li>\n\t\t\t\t\t\t\t\t<li class=\"elementor-icon-list-item\">\n\t\t\t\t\t\t\t\t\t\t\t<span class=\"elementor-icon-list-icon\">\n\t\t\t\t\t\t\t<i aria-hidden=\"true\" class=\"fas fa-check\"><\/i>\t\t\t\t\t\t<\/span>\n\t\t\t\t\t\t\t\t\t\t<span class=\"elementor-icon-list-text\"><b>Requisits d'estada: <\/b> No \u00e9s necessari residir a Espanya de manera continuada; nom\u00e9s es requereix una visita anual al pa\u00eds per mantener la visa daurada.<\/span>\n\t\t\t\t\t\t\t\t\t<\/li>\n\t\t\t\t\t\t\t\t<li class=\"elementor-icon-list-item\">\n\t\t\t\t\t\t\t\t\t\t\t<span class=\"elementor-icon-list-icon\">\n\t\t\t\t\t\t\t<i aria-hidden=\"true\" class=\"fas fa-check\"><\/i>\t\t\t\t\t\t<\/span>\n\t\t\t\t\t\t\t\t\t\t<span class=\"elementor-icon-list-text\"><b>Opcions per a la fam\u00edlia: <\/b> l'inversor principal pot sol\u00b7licitar perm\u00eds de resid\u00e8ncia per al seu c\u00f2njuge i fills alhora, facilitant el trasllat a Espanya de tota la fam\u00edlia.<\/span>\n\t\t\t\t\t\t\t\t\t<\/li>\n\t\t\t\t\t\t<\/ul>\n\t\t\t\t\t\t<\/div>\n\t\t\t\t<\/div>\n\t\t\t\t\t<\/div>\n\t\t\t\t<\/div>\n\t\t\t\t<\/div>\n\t\t\t\t\t<\/div>\n\t\t\t\t<\/div>\n\t\t<div class=\"elementor-element elementor-element-2deed62 e-ecs-flex e-flex e-con-boxed e-con e-child\" data-id=\"2deed62\" data-element_type=\"container\" data-e-type=\"container\" data-settings=\"{&quot;background_background&quot;:&quot;classic&quot;,&quot;ecs_container_type&quot;:&quot;flex&quot;,&quot;_ha_eqh_enable&quot;:false}\">\n\t\t\t\t\t<div class=\"e-con-inner\">\n\t\t<div class=\"elementor-element elementor-element-57cebeb e-con-full e-ecs-flex e-flex e-con e-child\" data-id=\"57cebeb\" data-element_type=\"container\" data-e-type=\"container\" data-settings=\"{&quot;ecs_container_type&quot;:&quot;flex&quot;,&quot;_ha_eqh_enable&quot;:false}\">\n\t\t<div class=\"elementor-element elementor-element-f041d10 e-con-full e-ecs-flex e-flex e-con e-child\" data-id=\"f041d10\" data-element_type=\"container\" data-e-type=\"container\" data-settings=\"{&quot;background_background&quot;:&quot;classic&quot;,&quot;ecs_container_type&quot;:&quot;flex&quot;,&quot;_ha_eqh_enable&quot;:false}\">\n\t\t\t\t<div class=\"elementor-element elementor-element-3d08461 elementor-widget elementor-widget-text-editor\" data-id=\"3d08461\" data-element_type=\"widget\" data-e-type=\"widget\" data-widget_type=\"text-editor.default\">\n\t\t\t\t<div class=\"elementor-widget-container\">\n\t\t\t\t\t\t\t\t\t<p><strong>Documentaci\u00f3 necess\u00e0ria per sol\u00b7licitar la resid\u00e8ncia com a inversor a Espanya:<\/strong><\/p>\t\t\t\t\t\t\t\t<\/div>\n\t\t\t\t<\/div>\n\t\t\t\t<div class=\"elementor-element elementor-element-2f810ff elementor-widget elementor-widget-text-editor\" data-id=\"2f810ff\" data-element_type=\"widget\" data-e-type=\"widget\" data-widget_type=\"text-editor.default\">\n\t\t\t\t<div class=\"elementor-widget-container\">\n\t\t\t\t\t\t\t\t\t<ul><li>Documento que muestra tu intenci\u00f3n de solicitar una visa de emprendedor o una autorizaci\u00f3n de residencia.<\/li><li>Pasaporte.<\/li><li>Comprobante del pago de la Tasa 038 (modelo 790).<\/li><li>Seguro m\u00e9dico, ya sea privado o p\u00fablico, con cobertura completa en Espa\u00f1a.<\/li><li>Documentaci\u00f3n de la justificaci\u00f3n de la inversi\u00f3n:<ul><li><strong>Inversi\u00f3 en accions o participacions espanyoles:<\/strong> Cal una declaraci\u00f3 del Registre d&#8217;Inversions del Ministeri d&#8217;Economia per a participacions, o un certificat de l&#8217;intermediari financer registrat a la Comissi\u00f3 Nacional del Mercat de Valors per comprar accions.<\/li><li><strong>Inversi\u00f3 en deute p\u00fablic espanyol:<\/strong> cal un certificat del Banc d&#8217;Espanya o de l&#8217;entitat financera que va gestionar la inversi\u00f3, que confirmi que ets el titular de la compra.<\/li><li><strong>Inversions en dip\u00f2sits bancaris:<\/strong> \u00c9s necessari un certificat de lentitat financera que confirmi que ets el titular \u00fanic del dip\u00f2sit.<\/li><\/ul><\/li><\/ul>\t\t\t\t\t\t\t\t<\/div>\n\t\t\t\t<\/div>\n\t\t\t\t<\/div>\n\t\t<div class=\"elementor-element elementor-element-a1f01bd e-con-full e-ecs-flex e-flex e-con e-child\" data-id=\"a1f01bd\" data-element_type=\"container\" data-e-type=\"container\" data-settings=\"{&quot;background_background&quot;:&quot;classic&quot;,&quot;ecs_container_type&quot;:&quot;flex&quot;,&quot;_ha_eqh_enable&quot;:false}\">\n\t\t\t\t<div class=\"elementor-element elementor-element-7564280 elementor-widget elementor-widget-text-editor\" data-id=\"7564280\" data-element_type=\"widget\" data-e-type=\"widget\" data-widget_type=\"text-editor.default\">\n\t\t\t\t<div class=\"elementor-widget-container\">\n\t\t\t\t\t\t\t\t\t<p><strong>Requisits per a la sol\u00b7licitud:<\/strong><\/p>\t\t\t\t\t\t\t\t<\/div>\n\t\t\t\t<\/div>\n\t\t\t\t<div class=\"elementor-element elementor-element-0153f7a elementor-widget elementor-widget-text-editor\" data-id=\"0153f7a\" data-element_type=\"widget\" data-e-type=\"widget\" data-widget_type=\"text-editor.default\">\n\t\t\t\t<div class=\"elementor-widget-container\">\n\t\t\t\t\t\t\t\t\t<ul><li><strong>No ser ciutad\u00e0 de la Uni\u00f3 Europea:<\/strong> aquest perm\u00eds va dirigit a ciutadans de pa\u00efsos de fora de la UE, que tenen m\u00e9s dificultats per obtenir un visat a Espanya.<\/li><li><strong>Ser major d&#8217;edat:<\/strong> Has de tenir com a m\u00ednim 18 anys.<\/li><li><strong>No tenir antecedents penals:<\/strong> No has de tenir antecedents penals a Espanya ni a cap altre pa\u00eds durant els darrers 5 anys.<\/li><li><strong>Tenir cobertura sanit\u00e0ria a Espanya: <\/strong>Cal tenir una asseguran\u00e7a sanit\u00e0ria p\u00fablica o privada a Espanya; l&#8217;asseguran\u00e7a de viatge o del pa\u00eds d&#8217;origen no \u00e9s v\u00e0lida.<\/li><li><strong>Acreditar mitjans econ\u00f2mics suficients:<\/strong> heu de demostrar que disposeu de fons mantenir-te a tu i la teva fam\u00edlia, si tamb\u00e9 est\u00e0s sol\u00b7licitant el visat per a ells.<\/li><li><strong>Realitzaci\u00f3 de la inversi\u00f3 requerida:<\/strong> Cal fer la inversi\u00f3 estipulada (1 mili\u00f3 d&#8217;euros o 2 milions, segons l&#8217;opci\u00f3 escollida) i presentar el document que ho confirmi.<\/li><li><strong>Nota:<\/strong> encara que encara \u00e9s possible invertir en propietats i b\u00e9ns immobles, aquesta opci\u00f3 est\u00e0 a punt de fer-ho desapar\u00e8ixer.<\/li><\/ul>\t\t\t\t\t\t\t\t<\/div>\n\t\t\t\t<\/div>\n\t\t\t\t<\/div>\n\t\t\t\t<\/div>\n\t\t\t\t\t<\/div>\n\t\t\t\t<\/div>\n\t\t\t\t<\/div>\n\t\t<div id=\"e-n-tab-content-1750816083\" role=\"tabpanel\" aria-labelledby=\"e-n-tab-title-1750816083\" data-tab-index=\"3\" style=\"--n-tabs-title-order: 3;\" class=\" elementor-element elementor-element-c3b0650 e-con-full e-ecs-flex e-flex e-con e-child\" data-id=\"c3b0650\" data-element_type=\"container\" data-e-type=\"container\" data-settings=\"{&quot;ecs_container_type&quot;:&quot;flex&quot;,&quot;_ha_eqh_enable&quot;:false}\">\n\t\t<div class=\"elementor-element elementor-element-78cfd5a e-ecs-flex e-flex e-con-boxed e-con e-child\" data-id=\"78cfd5a\" data-element_type=\"container\" data-e-type=\"container\" data-settings=\"{&quot;background_background&quot;:&quot;classic&quot;,&quot;ecs_container_type&quot;:&quot;flex&quot;,&quot;_ha_eqh_enable&quot;:false}\">\n\t\t\t\t\t<div class=\"e-con-inner\">\n\t\t\t\t<div class=\"elementor-element elementor-element-7da132b elementor-widget elementor-widget-text-editor\" data-id=\"7da132b\" data-element_type=\"widget\" data-e-type=\"widget\" data-widget_type=\"text-editor.default\">\n\t\t\t\t<div class=\"elementor-widget-container\">\n\t\t\t\t\t\t\t\t\t<p><strong>Qu\u00e8 \u00e9s un perm\u00eds de treball per a treballadors altament qualificats a Espanya?<\/strong><\/p>\t\t\t\t\t\t\t\t<\/div>\n\t\t\t\t<\/div>\n\t\t\t\t<div class=\"elementor-element elementor-element-682d16d elementor-widget elementor-widget-text-editor\" data-id=\"682d16d\" data-element_type=\"widget\" data-e-type=\"widget\" data-widget_type=\"text-editor.default\">\n\t\t\t\t<div class=\"elementor-widget-container\">\n\t\t\t\t\t\t\t\t\t<p>\u00c9s un perm\u00eds de resid\u00e8ncia que permet a ciutadans no pertanyents a la Uni\u00f3 Europea viure i treballar legalment a Espanya en llocs qualificats, t\u00e8cnics o de direcci\u00f3.<\/p><p>El visat per a professionals qualificats \u00e9s un perm\u00eds de resid\u00e8ncia que permet a ciutadans no pertanyents a la Uni\u00f3 Europea viure i treballar legalment a Espanya, sempre que aconsegueixin una oferta de feina en una empresa espanyola per a un lloc qualificat, t\u00e8cnic o directiu.<\/p><p>Els perfils laborals adequats inclouen:<\/p><ul><li>Directius i gerents amb responsabilitat sobre un equip.<\/li><li>Treballadors en posicions t\u00e8cniques i especialitzades que requereixin coneixements avan\u00e7ats.<\/li><li>Ciutadans no europeus amb estudis superiors a universitats o escoles de negocis prestigioses.<\/li><\/ul><p>Aquest visat t\u00e9 una durada inicial de tres anys i es pot renovar successivament fins a obtenir la resid\u00e8ncia permanent. No \u00e9s aplicable a emprenedors o aut\u00f2noms.<\/p>\t\t\t\t\t\t\t\t<\/div>\n\t\t\t\t<\/div>\n\t\t\t\t\t<\/div>\n\t\t\t\t<\/div>\n\t\t<div class=\"elementor-element elementor-element-2fc21c7 e-ecs-flex e-flex e-con-boxed e-con e-child\" data-id=\"2fc21c7\" data-element_type=\"container\" data-e-type=\"container\" data-settings=\"{&quot;background_background&quot;:&quot;classic&quot;,&quot;ecs_container_type&quot;:&quot;flex&quot;,&quot;_ha_eqh_enable&quot;:false}\">\n\t\t\t\t\t<div class=\"e-con-inner\">\n\t\t\t\t<div class=\"elementor-element elementor-element-b0ccbfe elementor-widget elementor-widget-text-editor\" data-id=\"b0ccbfe\" data-element_type=\"widget\" data-e-type=\"widget\" data-widget_type=\"text-editor.default\">\n\t\t\t\t<div class=\"elementor-widget-container\">\n\t\t\t\t\t\t\t\t\t<p><strong>Beneficis de la targeta de perm\u00eds de treball com a treballador altament qualificat:<\/strong><\/p>\t\t\t\t\t\t\t\t<\/div>\n\t\t\t\t<\/div>\n\t\t<div class=\"elementor-element elementor-element-752593d e-con-full e-ecs-flex e-flex e-con e-child\" data-id=\"752593d\" data-element_type=\"container\" data-e-type=\"container\" data-settings=\"{&quot;ecs_container_type&quot;:&quot;flex&quot;,&quot;_ha_eqh_enable&quot;:false}\">\n\t\t<div class=\"elementor-element elementor-element-4250210 e-ecs-flex e-flex e-con-boxed e-con e-child\" data-id=\"4250210\" data-element_type=\"container\" data-e-type=\"container\" data-settings=\"{&quot;background_background&quot;:&quot;classic&quot;,&quot;ecs_container_type&quot;:&quot;flex&quot;,&quot;_ha_eqh_enable&quot;:false}\">\n\t\t\t\t\t<div class=\"e-con-inner\">\n\t\t\t\t\t<\/div>\n\t\t\t\t<\/div>\n\t\t<div class=\"elementor-element elementor-element-af00213 e-ecs-flex e-flex e-con-boxed e-con e-child\" data-id=\"af00213\" data-element_type=\"container\" data-e-type=\"container\" data-settings=\"{&quot;ecs_container_type&quot;:&quot;flex&quot;,&quot;_ha_eqh_enable&quot;:false}\">\n\t\t\t\t\t<div class=\"e-con-inner\">\n\t\t\t\t<div class=\"elementor-element elementor-element-e2bdfa1 elementor-icon-list--layout-traditional elementor-list-item-link-full_width elementor-widget elementor-widget-icon-list\" data-id=\"e2bdfa1\" data-element_type=\"widget\" data-e-type=\"widget\" data-widget_type=\"icon-list.default\">\n\t\t\t\t<div class=\"elementor-widget-container\">\n\t\t\t\t\t\t\t<ul class=\"elementor-icon-list-items\">\n\t\t\t\t\t\t\t<li class=\"elementor-icon-list-item\">\n\t\t\t\t\t\t\t\t\t\t\t<span class=\"elementor-icon-list-icon\">\n\t\t\t\t\t\t\t<i aria-hidden=\"true\" class=\"fas fa-check\"><\/i>\t\t\t\t\t\t<\/span>\n\t\t\t\t\t\t\t\t\t\t<span class=\"elementor-icon-list-text\">Resid\u00e8ncia i feina legal a Espanya.<\/span>\n\t\t\t\t\t\t\t\t\t<\/li>\n\t\t\t\t\t\t\t\t<li class=\"elementor-icon-list-item\">\n\t\t\t\t\t\t\t\t\t\t\t<span class=\"elementor-icon-list-icon\">\n\t\t\t\t\t\t\t<i aria-hidden=\"true\" class=\"fas fa-check\"><\/i>\t\t\t\t\t\t<\/span>\n\t\t\t\t\t\t\t\t\t\t<span class=\"elementor-icon-list-text\">Mobilitat lliure dins l'espai Schengen.<\/span>\n\t\t\t\t\t\t\t\t\t<\/li>\n\t\t\t\t\t\t\t\t<li class=\"elementor-icon-list-item\">\n\t\t\t\t\t\t\t\t\t\t\t<span class=\"elementor-icon-list-icon\">\n\t\t\t\t\t\t\t<i aria-hidden=\"true\" class=\"fas fa-check\"><\/i>\t\t\t\t\t\t<\/span>\n\t\t\t\t\t\t\t\t\t\t<span class=\"elementor-icon-list-text\">Possibilitat de sol\u00b7licitar la resid\u00e8ncia per a la teva fam\u00edlia.<\/span>\n\t\t\t\t\t\t\t\t\t<\/li>\n\t\t\t\t\t\t\t\t<li class=\"elementor-icon-list-item\">\n\t\t\t\t\t\t\t\t\t\t\t<span class=\"elementor-icon-list-icon\">\n\t\t\t\t\t\t\t<i aria-hidden=\"true\" class=\"fas fa-check\"><\/i>\t\t\t\t\t\t<\/span>\n\t\t\t\t\t\t\t\t\t\t<span class=\"elementor-icon-list-text\">Els anys sota aquest visat compten per a la nacionalitat espanyola.<\/span>\n\t\t\t\t\t\t\t\t\t<\/li>\n\t\t\t\t\t\t\t\t<li class=\"elementor-icon-list-item\">\n\t\t\t\t\t\t\t\t\t\t\t<span class=\"elementor-icon-list-icon\">\n\t\t\t\t\t\t\t<i aria-hidden=\"true\" class=\"fas fa-check\"><\/i>\t\t\t\t\t\t<\/span>\n\t\t\t\t\t\t\t\t\t\t<span class=\"elementor-icon-list-text\">Validesa a 25 dels 27 pa\u00efsos de la UE (excepte Dinamarca i Irlanda).<\/span>\n\t\t\t\t\t\t\t\t\t<\/li>\n\t\t\t\t\t\t\t\t<li class=\"elementor-icon-list-item\">\n\t\t\t\t\t\t\t\t\t\t\t<span class=\"elementor-icon-list-icon\">\n\t\t\t\t\t\t\t<i aria-hidden=\"true\" class=\"fas fa-check\"><\/i>\t\t\t\t\t\t<\/span>\n\t\t\t\t\t\t\t\t\t\t<span class=\"elementor-icon-list-text\">Possibilitat de sol\u00b7licitar el visat des d'Espanya com a turista.<\/span>\n\t\t\t\t\t\t\t\t\t<\/li>\n\t\t\t\t\t\t<\/ul>\n\t\t\t\t\t\t<\/div>\n\t\t\t\t<\/div>\n\t\t\t\t\t<\/div>\n\t\t\t\t<\/div>\n\t\t\t\t<\/div>\n\t\t\t\t\t<\/div>\n\t\t\t\t<\/div>\n\t\t<div class=\"elementor-element elementor-element-64c5058 e-ecs-flex e-flex e-con-boxed e-con e-child\" data-id=\"64c5058\" data-element_type=\"container\" data-e-type=\"container\" data-settings=\"{&quot;background_background&quot;:&quot;classic&quot;,&quot;ecs_container_type&quot;:&quot;flex&quot;,&quot;_ha_eqh_enable&quot;:false}\">\n\t\t\t\t\t<div class=\"e-con-inner\">\n\t\t<div class=\"elementor-element elementor-element-a529919 e-con-full e-ecs-flex e-flex e-con e-child\" data-id=\"a529919\" data-element_type=\"container\" data-e-type=\"container\" data-settings=\"{&quot;ecs_container_type&quot;:&quot;flex&quot;,&quot;_ha_eqh_enable&quot;:false}\">\n\t\t<div class=\"elementor-element elementor-element-fce8232 e-con-full e-ecs-flex e-flex e-con e-child\" data-id=\"fce8232\" data-element_type=\"container\" data-e-type=\"container\" data-settings=\"{&quot;ecs_container_type&quot;:&quot;flex&quot;,&quot;_ha_eqh_enable&quot;:false}\">\n\t\t\t\t<div class=\"elementor-element elementor-element-9aa8d9b elementor-widget elementor-widget-text-editor\" data-id=\"9aa8d9b\" data-element_type=\"widget\" data-e-type=\"widget\" data-widget_type=\"text-editor.default\">\n\t\t\t\t<div class=\"elementor-widget-container\">\n\t\t\t\t\t\t\t\t\t<p><strong>Principals requisits per al Visat de Treballador Altament Qualificat<\/strong><\/p>\t\t\t\t\t\t\t\t<\/div>\n\t\t\t\t<\/div>\n\t\t\t\t<div class=\"elementor-element elementor-element-566113e elementor-widget elementor-widget-text-editor\" data-id=\"566113e\" data-element_type=\"widget\" data-e-type=\"widget\" data-widget_type=\"text-editor.default\">\n\t\t\t\t<div class=\"elementor-widget-container\">\n\t\t\t\t\t\t\t\t\t<ol><li><strong> Educaci\u00f3<br \/><\/strong>Has de tenir un m\u00e0ster o un doctorat d&#8217;una universitat o escola de negocis reconeguda. \u00c9s fonamental que la teva feina a Espanya estigui relacionada amb els teus estudis.<\/li><li><strong>Deures laborals<br \/><\/strong>El c\u00e0rrec ha de ser directiu, t\u00e8cnic o especialitzat. La descripci\u00f3 de la feina ha de ser clara i detallar les tasques t\u00e8cniques o especialitzades que realitzar\u00e0s.<\/li><li><strong> Salari<\/strong><\/li><\/ol><ul><li><strong>Gestors\/Directors:<\/strong> M\u00ednim 54.000 \u20ac anuals.<\/li><li><strong>Professionals cient\u00edfics o intel\u00b7lectuals:<\/strong> M\u00ednim 40.000 \u20ac anuals.<\/li><li>La part variable del salari no compta, i si sou menors de 30 anys, el salari pot ser fins a un 25% menor. A m\u00e9s a m\u00e9s, el salari en esp\u00e8cie no ha de superar el 30% del total.<\/li><\/ul><ol start=\"4\"><li><strong> Oferta de feina<br \/><\/strong>No cal que l&#8217;oferta sigui d&#8217;una empresa; tamb\u00e9 val si prov\u00e9 d&#8217;una universitat o instituci\u00f3 p\u00fablica per a funcions com ara tasques de recerca, doc\u00e8ncia o t\u00e8cniques.<strong><br \/><\/strong><\/li><li><strong> Altres Requisits<\/strong><\/li><\/ol><ul><li>Has de tenir m\u00e9s de 18 anys.<\/li><li>No has de tenir antecedents penals a Espanya ni al teu pa\u00eds d&#8217;origen.<\/li><li>Cal tenir una cobertura total de la seguretat social a Espanya (p\u00fablica o privada).<\/li><li>No pots estar a Espanya en situaci\u00f3 irregular.<\/li><\/ul>\t\t\t\t\t\t\t\t<\/div>\n\t\t\t\t<\/div>\n\t\t\t\t<\/div>\n\t\t<div class=\"elementor-element elementor-element-b3d7b52 e-con-full e-ecs-flex e-flex e-con e-child\" data-id=\"b3d7b52\" data-element_type=\"container\" data-e-type=\"container\" data-settings=\"{&quot;ecs_container_type&quot;:&quot;flex&quot;,&quot;_ha_eqh_enable&quot;:false}\">\n\t\t<div class=\"elementor-element elementor-element-8b27a4a e-con-full e-ecs-flex e-flex e-con e-child\" data-id=\"8b27a4a\" data-element_type=\"container\" data-e-type=\"container\" data-settings=\"{&quot;ecs_container_type&quot;:&quot;flex&quot;,&quot;_ha_eqh_enable&quot;:false}\">\n\t\t\t\t<div class=\"elementor-element elementor-element-14f6b9c elementor-widget elementor-widget-text-editor\" data-id=\"14f6b9c\" data-element_type=\"widget\" data-e-type=\"widget\" data-widget_type=\"text-editor.default\">\n\t\t\t\t<div class=\"elementor-widget-container\">\n\t\t\t\t\t\t\t\t\t<p><strong>Difer\u00e8ncies amb la Targeta Blava UE<\/strong><\/p>\t\t\t\t\t\t\t\t<\/div>\n\t\t\t\t<\/div>\n\t\t\t\t<div class=\"elementor-element elementor-element-ac830dd elementor-widget elementor-widget-text-editor\" data-id=\"ac830dd\" data-element_type=\"widget\" data-e-type=\"widget\" data-widget_type=\"text-editor.default\">\n\t\t\t\t<div class=\"elementor-widget-container\">\n\t\t\t\t\t\t\t\t\t<ul><li><strong>\u00c0mbit<\/strong>: La targeta blava permet treballar a tota la UE, mentre que aquest visat nom\u00e9s \u00e9s v\u00e0lid a Espanya.<\/li><li><strong>Requisits salarials:<\/strong> La targeta blava exigeix \u200b\u200bun salari entre 1 i 1,5 vegades el salari brut anual mitj\u00e0 del pa\u00eds de treball, mentre que el visat de treballador altament qualificat requereix un salari superior a 50.000\u20ac anuals.<\/li><\/ul>\t\t\t\t\t\t\t\t<\/div>\n\t\t\t\t<\/div>\n\t\t\t\t<\/div>\n\t\t<div class=\"elementor-element elementor-element-4754e25 e-ecs-flex e-flex e-con-boxed e-con e-child\" data-id=\"4754e25\" data-element_type=\"container\" data-e-type=\"container\" data-settings=\"{&quot;ecs_container_type&quot;:&quot;flex&quot;,&quot;_ha_eqh_enable&quot;:false}\">\n\t\t\t\t\t<div class=\"e-con-inner\">\n\t\t\t\t<div class=\"elementor-element elementor-element-e7d89e8 elementor-widget elementor-widget-text-editor\" data-id=\"e7d89e8\" data-element_type=\"widget\" data-e-type=\"widget\" data-widget_type=\"text-editor.default\">\n\t\t\t\t<div class=\"elementor-widget-container\">\n\t\t\t\t\t\t\t\t\t<p><strong>Documentaci\u00f3n necesaria para presentar la solicitud de permiso:<\/strong><\/p>\t\t\t\t\t\t\t\t<\/div>\n\t\t\t\t<\/div>\n\t\t\t\t<div class=\"elementor-element elementor-element-e1396a8 elementor-widget elementor-widget-text-editor\" data-id=\"e1396a8\" data-element_type=\"widget\" data-e-type=\"widget\" data-widget_type=\"text-editor.default\">\n\t\t\t\t<div class=\"elementor-widget-container\">\n\t\t\t\t\t\t\t\t\t<ul><li>Foto tipus passaport.<\/li><li>Passaport original i una c\u00f2pia (ha de tenir menys de 10 anys d&#8217;antiguitat).<\/li><li>Documentaci\u00f3 que demostri que tens prou fons per a la teva manutenci\u00f3.<\/li><li>Prova de pagament de les taxes corresponents.<\/li><li>Descripci\u00f3 detallada del treball, indicant com el lloc \u00e9s qualificat.<\/li><li>Curr\u00edculum del sol\u00b7licitant.<\/li><li>T\u00edtol acad\u00e8mic avan\u00e7at d&#8217;una universitat o escola de negocis prestigiosa, si en tens.<\/li><\/ul>\t\t\t\t\t\t\t\t<\/div>\n\t\t\t\t<\/div>\n\t\t\t\t\t<\/div>\n\t\t\t\t<\/div>\n\t\t\t\t<\/div>\n\t\t\t\t<\/div>\n\t\t\t\t\t<\/div>\n\t\t\t\t<\/div>\n\t\t<div class=\"elementor-element elementor-element-95a3360 e-ecs-flex e-flex e-con-boxed e-con e-child\" data-id=\"95a3360\" data-element_type=\"container\" data-e-type=\"container\" data-settings=\"{&quot;background_background&quot;:&quot;classic&quot;,&quot;ecs_container_type&quot;:&quot;flex&quot;,&quot;_ha_eqh_enable&quot;:false}\">\n\t\t\t\t\t<div class=\"e-con-inner\">\n\t\t<div class=\"elementor-element elementor-element-ac55cc7 e-con-full e-ecs-flex e-flex e-con e-child\" data-id=\"ac55cc7\" data-element_type=\"container\" data-e-type=\"container\" data-settings=\"{&quot;ecs_container_type&quot;:&quot;flex&quot;,&quot;_ha_eqh_enable&quot;:false}\">\n\t\t\t\t<\/div>\n\t\t\t\t\t<\/div>\n\t\t\t\t<\/div>\n\t\t<div class=\"elementor-element elementor-element-425f8d2 e-ecs-flex e-flex e-con-boxed e-con e-child\" data-id=\"425f8d2\" data-element_type=\"container\" data-e-type=\"container\" data-settings=\"{&quot;background_background&quot;:&quot;classic&quot;,&quot;ecs_container_type&quot;:&quot;flex&quot;,&quot;_ha_eqh_enable&quot;:false}\">\n\t\t\t\t\t<div class=\"e-con-inner\">\n\t\t<div class=\"elementor-element elementor-element-dcde97c e-con-full e-ecs-flex e-flex e-con e-child\" data-id=\"dcde97c\" data-element_type=\"container\" data-e-type=\"container\" data-settings=\"{&quot;ecs_container_type&quot;:&quot;flex&quot;,&quot;_ha_eqh_enable&quot;:false}\">\n\t\t<div class=\"elementor-element elementor-element-b5a02df e-con-full e-ecs-flex e-flex e-con e-child\" data-id=\"b5a02df\" data-element_type=\"container\" data-e-type=\"container\" data-settings=\"{&quot;ecs_container_type&quot;:&quot;flex&quot;,&quot;_ha_eqh_enable&quot;:false}\">\n\t\t\t\t<div class=\"elementor-element elementor-element-5298c67 elementor-widget elementor-widget-text-editor\" data-id=\"5298c67\" data-element_type=\"widget\" data-e-type=\"widget\" data-widget_type=\"text-editor.default\">\n\t\t\t\t<div class=\"elementor-widget-container\">\n\t\t\t\t\t\t\t\t\t<p><strong>Proc\u00e9s de sol\u00b7licitud per al perm\u00eds de treball altament qualificat<\/strong><\/p>\t\t\t\t\t\t\t\t<\/div>\n\t\t\t\t<\/div>\n\t\t\t\t<div class=\"elementor-element elementor-element-08126bd elementor-widget elementor-widget-text-editor\" data-id=\"08126bd\" data-element_type=\"widget\" data-e-type=\"widget\" data-widget_type=\"text-editor.default\">\n\t\t\t\t<div class=\"elementor-widget-container\">\n\t\t\t\t\t\t\t\t\t<ol><li><strong>Obtingues una Oferta de Treball<\/strong><br \/>Necessites una oferta de feina a Espanya. L&#8217;empresa que us contracta ha d&#8217;iniciar i presentar la sol\u00b7licitud.<\/li><li><strong>Presentaci\u00f3 de la sol\u00b7licitud<\/strong><br \/>L&#8217;empresa ha de completar i enviar el formulari de sol\u00b7licitud.<\/li><li><strong>Sol\u00b7licitud del Visat Inicial<\/strong><br \/>Si ets a Espanya amb una situaci\u00f3 regular, pots sol\u00b7licitar directament el perm\u00eds de resid\u00e8ncia de tres anys. Si sou al vostre pa\u00eds d&#8217;origen, heu de sol\u00b7licitar un visat d&#8217;un any abans d&#8217;arribar a Espanya. Aquest visat es processa generalment en dues setmanes.<\/li><li><strong>Perm\u00eds de Resid\u00e8ncia<\/strong><br \/>Abans que expiri el visat, pots sol\u00b7licitar el perm\u00eds de resid\u00e8ncia durant tres anys. Haur\u00e0s de visitar una comissaria perqu\u00e8 et prenguin les empremtes, i la targeta de resid\u00e8ncia estar\u00e0 a punt en aproximadament un mes.<\/li><li><strong>Renovaci\u00f3<\/strong><br \/>Podeu renovar el perm\u00eds, complint les condicions, fins a un m\u00e0xim de cinc anys.<\/li><\/ol>\t\t\t\t\t\t\t\t<\/div>\n\t\t\t\t<\/div>\n\t\t<div class=\"elementor-element elementor-element-27ce55c e-ecs-flex e-flex e-con-boxed e-con e-child\" data-id=\"27ce55c\" data-element_type=\"container\" data-e-type=\"container\" data-settings=\"{&quot;ecs_container_type&quot;:&quot;flex&quot;,&quot;_ha_eqh_enable&quot;:false}\">\n\t\t\t\t\t<div class=\"e-con-inner\">\n\t\t\t\t<div class=\"elementor-element elementor-element-18c7097 elementor-widget elementor-widget-text-editor\" data-id=\"18c7097\" data-element_type=\"widget\" data-e-type=\"widget\" data-widget_type=\"text-editor.default\">\n\t\t\t\t<div class=\"elementor-widget-container\">\n\t\t\t\t\t\t\t\t\t<p><strong>Sol\u00b7licitud i gesti\u00f3 dels documents necessaris<\/strong><\/p>\t\t\t\t\t\t\t\t<\/div>\n\t\t\t\t<\/div>\n\t\t\t\t<div class=\"elementor-element elementor-element-604c89f elementor-widget elementor-widget-text-editor\" data-id=\"604c89f\" data-element_type=\"widget\" data-e-type=\"widget\" data-widget_type=\"text-editor.default\">\n\t\t\t\t<div class=\"elementor-widget-container\">\n\t\t\t\t\t\t\t\t\t<ul><li><p><strong>Presentaci\u00f3 de documents<br \/><\/strong>Envia el teu curr\u00edculum i la descripci\u00f3 del lloc de treball a la Unitat de Grans Empreses i Grups Estrat\u00e8gics, que forma part de la Direcci\u00f3 General de Migracions. Aquesta unitat validar\u00e0 la vostra posici\u00f3 com a altament qualificat.<\/p><\/li><li><strong>Autorizaci\u00f3 de Resid\u00e8ncia<br \/><\/strong>Si compleixes els requisits, rebr\u00e0s una \u201cautoritzaci\u00f3 de resid\u00e8ncia per a professionals altament qualificats\u201d. Aquest document s&#8217;ha d&#8217;enviar a l&#8217;Oficina d&#8217;Immigraci\u00f3 per obtenir la teva residencia a Espanya.<br \/><br \/><\/li><\/ul>\t\t\t\t\t\t\t\t<\/div>\n\t\t\t\t<\/div>\n\t\t\t\t\t<\/div>\n\t\t\t\t<\/div>\n\t\t\t\t<\/div>\n\t\t<div class=\"elementor-element elementor-element-cee60d2 e-con-full e-ecs-flex e-flex e-con e-child\" data-id=\"cee60d2\" data-element_type=\"container\" data-e-type=\"container\" data-settings=\"{&quot;ecs_container_type&quot;:&quot;flex&quot;,&quot;_ha_eqh_enable&quot;:false}\">\n\t\t<div class=\"elementor-element elementor-element-f351345 e-ecs-flex e-flex e-con-boxed e-con e-child\" data-id=\"f351345\" data-element_type=\"container\" data-e-type=\"container\" data-settings=\"{&quot;ecs_container_type&quot;:&quot;flex&quot;,&quot;_ha_eqh_enable&quot;:false}\">\n\t\t\t\t\t<div class=\"e-con-inner\">\n\t\t\t\t<div class=\"elementor-element elementor-element-8a75563 elementor-widget elementor-widget-text-editor\" data-id=\"8a75563\" data-element_type=\"widget\" data-e-type=\"widget\" data-widget_type=\"text-editor.default\">\n\t\t\t\t<div class=\"elementor-widget-container\">\n\t\t\t\t\t\t\t\t\t<p><strong>Inclusi\u00f3 de familiars:<\/strong><\/p>\t\t\t\t\t\t\t\t<\/div>\n\t\t\t\t<\/div>\n\t\t\t\t<div class=\"elementor-element elementor-element-7559141 elementor-widget elementor-widget-text-editor\" data-id=\"7559141\" data-element_type=\"widget\" data-e-type=\"widget\" data-widget_type=\"text-editor.default\">\n\t\t\t\t<div class=\"elementor-widget-container\">\n\t\t\t\t\t\t\t\t\t<ul><li><strong>Sol\u00b7licitud Conjunta<\/strong><br \/>Pots sol\u00b7licitar permisos de resid\u00e8ncia pel teu c\u00f2njuge i fills juntament amb el teu. Han de presentar la mateixa sol\u00b7licitud i la documentaci\u00f3 requerida per a familiars d&#8217;un inversor.<\/li><\/ul>\t\t\t\t\t\t\t\t<\/div>\n\t\t\t\t<\/div>\n\t\t\t\t\t<\/div>\n\t\t\t\t<\/div>\n\t\t<div class=\"elementor-element elementor-element-f003218 e-ecs-flex e-flex e-con-boxed e-con e-child\" data-id=\"f003218\" data-element_type=\"container\" data-e-type=\"container\" data-settings=\"{&quot;ecs_container_type&quot;:&quot;flex&quot;,&quot;_ha_eqh_enable&quot;:false}\">\n\t\t\t\t\t<div class=\"e-con-inner\">\n\t\t\t\t<div class=\"elementor-element elementor-element-2a2287e elementor-widget elementor-widget-text-editor\" data-id=\"2a2287e\" data-element_type=\"widget\" data-e-type=\"widget\" data-widget_type=\"text-editor.default\">\n\t\t\t\t<div class=\"elementor-widget-container\">\n\t\t\t\t\t\t\t\t\t<p><strong>Trasllat intern a l&#8217;empresa<\/strong><\/p>\t\t\t\t\t\t\t\t<\/div>\n\t\t\t\t<\/div>\n\t\t\t\t<div class=\"elementor-element elementor-element-895cbea elementor-widget elementor-widget-text-editor\" data-id=\"895cbea\" data-element_type=\"widget\" data-e-type=\"widget\" data-widget_type=\"text-editor.default\">\n\t\t\t\t<div class=\"elementor-widget-container\">\n\t\t\t\t\t\t\t\t\t<ul><li><strong><strong>Autoritzaci\u00f3 de trasllat intraempresarial<\/strong><\/strong><br \/>Si ja treballes per a una empresa i et traslladen a Espanya, cal sol\u00b7licitar una autoritzaci\u00f3 de resid\u00e8ncia per trasllat intraempresarial. Aquest proc\u00e9s \u00e9s diferent i \u00e9s m\u00e9s r\u00e0pid que el d&#8217;altres visats. S&#8217;aplica tant per a trasllats dins una multinacional com dins del mateix grup empresarial.<\/li><\/ul>\t\t\t\t\t\t\t\t<\/div>\n\t\t\t\t<\/div>\n\t\t\t\t\t<\/div>\n\t\t\t\t<\/div>\n\t\t<div class=\"elementor-element elementor-element-2edaca7 e-ecs-flex e-flex e-con-boxed e-con e-child\" data-id=\"2edaca7\" data-element_type=\"container\" data-e-type=\"container\" data-settings=\"{&quot;ecs_container_type&quot;:&quot;flex&quot;,&quot;_ha_eqh_enable&quot;:false}\">\n\t\t\t\t\t<div class=\"e-con-inner\">\n\t\t\t\t<div class=\"elementor-element elementor-element-7626bbb elementor-widget elementor-widget-text-editor\" data-id=\"7626bbb\" data-element_type=\"widget\" data-e-type=\"widget\" data-widget_type=\"text-editor.default\">\n\t\t\t\t<div class=\"elementor-widget-container\">\n\t\t\t\t\t\t\t\t\t<p><strong>Renovaci\u00f3 del perm\u00eds de resid\u00e8ncia del treballador altament qualificat<\/strong><\/p>\t\t\t\t\t\t\t\t<\/div>\n\t\t\t\t<\/div>\n\t\t\t\t<div class=\"elementor-element elementor-element-395facc elementor-widget elementor-widget-text-editor\" data-id=\"395facc\" data-element_type=\"widget\" data-e-type=\"widget\" data-widget_type=\"text-editor.default\">\n\t\t\t\t<div class=\"elementor-widget-container\">\n\t\t\t\t\t\t\t\t\t<ol><li><strong>Durada i Termini de Renovaci\u00f3<\/strong><br \/>El perm\u00eds de resid\u00e8ncia \u00e9s v\u00e0lid per tres anys. Per renovar-lo, has d&#8217;iniciar el proc\u00e9s dins dels 60 dies abans del venciment o fins a 90 dies despr\u00e9s. Es recomana fer-ho dins dels 60 dies previs per evitar sancions per part de la Unitat de Grans Empreses.<\/li><li><strong>Requisits per a la Renovaci\u00f3<\/strong><br \/><ul><li><strong>Compliment de Requisits:<\/strong> Has de demostrar que has treballat a la mateixa empresa i exercit les mateixes funcions per a les quals es va concedir el perm\u00eds inicial.<\/li><li><strong>Documentaci\u00f3 Necess\u00e0ria:<\/strong> Aporta proves que mantens la relaci\u00f3 laboral sota les mateixes condicions (sou, funcions, c\u00e0rrec) i verifica la teva situaci\u00f3 a la plataforma SILICON per confirmar que compleixes amb el salari m\u00ednim establert.<\/li><\/ul><\/li><\/ol>\t\t\t\t\t\t\t\t<\/div>\n\t\t\t\t<\/div>\n\t\t\t\t\t<\/div>\n\t\t\t\t<\/div>\n\t\t\t\t<\/div>\n\t\t\t\t<\/div>\n\t\t\t\t\t<\/div>\n\t\t\t\t<\/div>\n\t\t\t\t<\/div>\n\t\t\t\t\t<\/div>\n\t\t<\/div>\n\t\t\t\t\t\t<\/div>\n\t\t\t\t<\/div>\n\t\t\t\t<\/div>\n\t\t<div class=\"elementor-element elementor-element-0459f79 e-con-full e-ecs-flex e-flex e-con e-parent\" data-id=\"0459f79\" data-element_type=\"container\" data-e-type=\"container\" data-settings=\"{&quot;background_background&quot;:&quot;classic&quot;,&quot;ecs_container_type&quot;:&quot;flex&quot;,&quot;_ha_eqh_enable&quot;:false}\">\n\t\t\t\t<div class=\"elementor-element elementor-element-e3e5107 elementor-widget elementor-widget-template\" data-id=\"e3e5107\" data-element_type=\"widget\" data-e-type=\"widget\" data-widget_type=\"template.default\">\n\t\t\t\t<div class=\"elementor-widget-container\">\n\t\t\t\t\t\t\t<div class=\"elementor-template\">\n\t\t\t\t\t<div data-elementor-type=\"section\" data-elementor-id=\"5915\" class=\"elementor elementor-5915 elementor-5283 elementor-5283\" data-elementor-settings=\"{&quot;ha_cmc_init_switcher&quot;:&quot;no&quot;}\" data-elementor-post-type=\"elementor_library\">\n\t\t\t<div class=\"elementor-element elementor-element-b425d46 e-ecs-flex e-flex e-con-boxed e-con e-parent\" data-id=\"b425d46\" data-element_type=\"container\" data-e-type=\"container\" data-settings=\"{&quot;background_background&quot;:&quot;classic&quot;,&quot;ecs_container_type&quot;:&quot;flex&quot;,&quot;_ha_eqh_enable&quot;:false}\">\n\t\t\t\t\t<div class=\"e-con-inner\">\n\t\t\t\t<div class=\"elementor-element elementor-element-fca6d64 elementor-widget elementor-widget-heading\" data-id=\"fca6d64\" data-element_type=\"widget\" data-e-type=\"widget\" data-widget_type=\"heading.default\">\n\t\t\t\t<div class=\"elementor-widget-container\">\n\t\t\t\t\t<h2 class=\"elementor-heading-title elementor-size-default\">Els nostres serveis d'estrangeria<\/h2>\t\t\t\t<\/div>\n\t\t\t\t<\/div>\n\t\t<div class=\"elementor-element elementor-element-6a3c9dc e-con-full e-ecs-flex e-flex e-con e-child\" data-id=\"6a3c9dc\" data-element_type=\"container\" data-e-type=\"container\" data-settings=\"{&quot;ecs_container_type&quot;:&quot;flex&quot;,&quot;_ha_eqh_enable&quot;:false}\">\n\t\t\t\t<div class=\"elementor-element elementor-element-4ce033b elementor-widget__width-initial elementor-widget-tablet__width-initial elementor-widget-mobile__width-initial elementor-view-default elementor-position-block-start elementor-mobile-position-block-start elementor-widget elementor-widget-icon-box\" data-id=\"4ce033b\" data-element_type=\"widget\" data-e-type=\"widget\" data-widget_type=\"icon-box.default\">\n\t\t\t\t<div class=\"elementor-widget-container\">\n\t\t\t\t\t\t\t<div class=\"elementor-icon-box-wrapper\">\n\n\t\t\t\t\t\t<div class=\"elementor-icon-box-icon\">\n\t\t\t\t<a href=\"https:\/\/www.valerotaxlegal.com\/ca\/serveis-destrangeria\/tramit-nie-tie\/\" class=\"elementor-icon elementor-animation-grow-rotate\" tabindex=\"-1\" aria-label=\"Tr\u00e0mit NIE, TIE i m\u00e9s!\">\n\t\t\t\t<svg xmlns=\"http:\/\/www.w3.org\/2000\/svg\" xmlns:xlink=\"http:\/\/www.w3.org\/1999\/xlink\" id=\"Capa_1\" x=\"0px\" y=\"0px\" viewBox=\"0 0 604 480\" style=\"enable-background:new 0 0 604 480;\" xml:space=\"preserve\"><style type=\"text\/css\">\t.st0{fill:#21421E;}\t.st1{fill:#21421E;stroke:#000000;stroke-width:0.5;stroke-miterlimit:10;}<\/style><path class=\"st0\" d=\"M352.2,249.8h83.4v-16.7h-83.4V249.8z M352.2,189.7h83.4V173h-83.4V189.7z M165.4,314h143.4v-2.8 c0-12.1-6.2-21.6-18.7-28.6c-12.4-6.9-30.1-10.4-53.1-10.4s-40.6,3.5-53.1,10.4c-12.4,6.9-18.7,16.5-18.7,28.6V314z M237,232.2 c8.7,0,16-3,21.9-8.9c6-5.9,8.9-13.2,8.9-21.9s-3-16-8.9-21.9c-5.9-6-13.2-8.9-21.9-8.9c-8.7,0-16,3-21.9,8.9 c-6,5.9-8.9,13.2-8.9,21.9c0,8.7,3,16,8.9,21.9C221.1,229.2,228.3,232.2,237,232.2z M135.3,394c-8.3,0-15.4-2.9-21.3-8.8 c-5.8-5.8-8.8-12.9-8.8-21.3V120.5c0-8.3,2.9-15.4,8.8-21.3c5.8-5.8,12.9-8.8,21.3-8.8h330.3c8.3,0,15.4,2.9,21.3,8.8 c5.8,5.8,8.8,12.9,8.8,21.3V364c0,8.3-2.9,15.4-8.8,21.3c-5.8,5.8-12.9,8.8-21.3,8.8H135.3z M132.1,380h336.7c3.4,0,6.5-1.4,9.3-4.2 s4.2-5.9,4.2-9.3V118.1c0-3.4-1.4-6.5-4.2-9.3c-2.8-2.8-5.9-4.2-9.3-4.2H132.1c-3.4,0-6.5,1.4-9.3,4.2c-2.8,2.8-4.2,5.9-4.2,9.3 v248.2c0,3.4,1.4,6.5,4.2,9.3C125.6,378.6,128.7,380,132.1,380z\"><\/path><\/svg>\t\t\t\t<\/a>\n\t\t\t<\/div>\n\t\t\t\n\t\t\t\t\t\t<div class=\"elementor-icon-box-content\">\n\n\t\t\t\t\t\t\t\t\t<h3 class=\"elementor-icon-box-title\">\n\t\t\t\t\t\t<a href=\"https:\/\/www.valerotaxlegal.com\/ca\/serveis-destrangeria\/tramit-nie-tie\/\" >\n\t\t\t\t\t\t\tTr\u00e0mit NIE, TIE i m\u00e9s!\t\t\t\t\t\t<\/a>\n\t\t\t\t\t<\/h3>\n\t\t\t\t\n\t\t\t\t\n\t\t\t<\/div>\n\t\t\t\n\t\t<\/div>\n\t\t\t\t\t\t<\/div>\n\t\t\t\t<\/div>\n\t\t\t\t<div class=\"elementor-element elementor-element-efc21ec elementor-widget__width-initial elementor-widget-tablet__width-initial elementor-widget-mobile__width-initial elementor-view-default elementor-position-block-start elementor-mobile-position-block-start elementor-widget elementor-widget-icon-box\" data-id=\"efc21ec\" data-element_type=\"widget\" data-e-type=\"widget\" data-widget_type=\"icon-box.default\">\n\t\t\t\t<div class=\"elementor-widget-container\">\n\t\t\t\t\t\t\t<div class=\"elementor-icon-box-wrapper\">\n\n\t\t\t\t\t\t<div class=\"elementor-icon-box-icon\">\n\t\t\t\t<a href=\"https:\/\/www.valerotaxlegal.com\/ca\/serveis-destrangeria\/permisos-de-treball\/\" class=\"elementor-icon elementor-animation-grow-rotate\" tabindex=\"-1\" aria-label=\"Permisos de Treball\">\n\t\t\t\t<svg xmlns=\"http:\/\/www.w3.org\/2000\/svg\" xmlns:xlink=\"http:\/\/www.w3.org\/1999\/xlink\" id=\"Capa_1\" x=\"0px\" y=\"0px\" viewBox=\"0 0 604 480\" style=\"enable-background:new 0 0 604 480;\" xml:space=\"preserve\"><style type=\"text\/css\">\t.st0{fill:#21421E;}\t.st1{fill:#21421E;stroke:#000000;stroke-width:0.5;stroke-miterlimit:10;}<\/style><path class=\"st0\" d=\"M248.4,352.6c-5.3,0-9.7-1.8-13.4-5.5c-3.7-3.7-5.5-8.1-5.5-13.4v-22H256V193.1l11.7,10.1l11.9-10.1l11.9,10.1 l11.9-10.1l11.9,10.1l11.9-10.1l11.9,10.1l11.9-10.1l11.9,10.1l11.7-10.1v140.5c0,5.3-1.8,9.7-5.5,13.4c-3.7,3.7-8.1,5.5-13.4,5.5 H248.4z M355.7,343c2.7,0,4.9-0.9,6.6-2.6c1.7-1.7,2.6-4,2.6-6.7V209.6h-99.3v102.1h80.8v21.9c0,2.7,0.9,4.9,2.6,6.7 C350.8,342.1,353,343,355.7,343z M277.7,241v-9.6h48.1v9.6H277.7z M277.7,268.7v-9.6h48.1v9.6H277.7z M345.5,242.2 c-1.6,0-3-0.6-4.2-1.8c-1.2-1.2-1.8-2.6-1.8-4.2s0.6-3,1.8-4.2c1.2-1.2,2.6-1.8,4.2-1.8s3,0.6,4.2,1.8c1.2,1.2,1.8,2.6,1.8,4.2 c0,1.6-0.6,3-1.8,4.2C348.4,241.6,347.1,242.2,345.5,242.2z M345.5,269c-1.6,0-3-0.6-4.2-1.8c-1.2-1.2-1.8-2.6-1.8-4.2 c0-1.6,0.6-3,1.8-4.2c1.2-1.2,2.6-1.8,4.2-1.8c1.6,0,3,0.6,4.2,1.8c1.2,1.2,1.8,2.6,1.8,4.2c0,1.6-0.6,3-1.8,4.2 C348.4,268.4,347.1,269,345.5,269z M248.2,343h88.6v-21.6h-97.7v12.3c0,2.7,0.9,4.9,2.6,6.7C243.5,342.1,245.7,343,248.2,343z  M239.1,343v-21.6V343z\"><\/path><path class=\"st0\" d=\"M123.6,422.3c-9.2,0-17-3.2-23.4-9.5c-6.3-6.3-9.5-14.1-9.5-23.4V153.4c0-9.2,3.2-17,9.5-23.4 c6.3-6.3,14.1-9.5,23.4-9.5h113.2V87.7c0-9.2,3.2-17,9.5-23.4c6.3-6.3,14.1-9.5,23.4-9.5h65.7c9.2,0,17,3.2,23.4,9.5 c6.3,6.3,9.5,14.1,9.5,23.4v32.9h113.2c9.2,0,17,3.2,23.4,9.5c6.3,6.3,9.5,14.1,9.5,23.4v236.1c0,9.2-3.2,17-9.5,23.4 c-6.3,6.3-14.1,9.5-23.4,9.5H123.6z M123.6,408.9h357.8c4.9,0,9.3-2,13.4-6.1c4.1-4.1,6.1-8.5,6.1-13.4V153.4c0-4.9-2-9.3-6.1-13.4 c-4.1-4.1-8.5-6.1-13.4-6.1H123.6c-4.9,0-9.3,2-13.4,6.1c-4.1,4.1-6.1,8.5-6.1,13.4v236.1c0,4.9,2,9.3,6.1,13.4 C114.2,406.9,118.7,408.9,123.6,408.9z M250.1,120.5h104.7V87.7c0-4.9-2-9.3-6.1-13.4c-4.1-4.1-8.5-6.1-13.4-6.1h-65.7 c-4.9,0-9.3,2-13.4,6.1c-4.1,4.1-6.1,8.5-6.1,13.4V120.5z M104.1,408.9v-275V408.9z\"><\/path><\/svg>\t\t\t\t<\/a>\n\t\t\t<\/div>\n\t\t\t\n\t\t\t\t\t\t<div class=\"elementor-icon-box-content\">\n\n\t\t\t\t\t\t\t\t\t<h3 class=\"elementor-icon-box-title\">\n\t\t\t\t\t\t<a href=\"https:\/\/www.valerotaxlegal.com\/ca\/serveis-destrangeria\/permisos-de-treball\/\" >\n\t\t\t\t\t\t\tPermisos de Treball\t\t\t\t\t\t<\/a>\n\t\t\t\t\t<\/h3>\n\t\t\t\t\n\t\t\t\t\n\t\t\t<\/div>\n\t\t\t\n\t\t<\/div>\n\t\t\t\t\t\t<\/div>\n\t\t\t\t<\/div>\n\t\t\t\t<div class=\"elementor-element elementor-element-1181bdf elementor-widget__width-initial elementor-widget-tablet__width-initial elementor-widget-mobile__width-initial elementor-view-default elementor-position-block-start elementor-mobile-position-block-start elementor-widget elementor-widget-icon-box\" data-id=\"1181bdf\" data-element_type=\"widget\" data-e-type=\"widget\" data-widget_type=\"icon-box.default\">\n\t\t\t\t<div class=\"elementor-widget-container\">\n\t\t\t\t\t\t\t<div class=\"elementor-icon-box-wrapper\">\n\n\t\t\t\t\t\t<div class=\"elementor-icon-box-icon\">\n\t\t\t\t<a href=\"https:\/\/www.valerotaxlegal.com\/ca\/serveis-destrangeria\/nacionalitat-espanyola\/\" class=\"elementor-icon elementor-animation-grow-rotate\" tabindex=\"-1\" aria-label=\"Nacionalitat Espanyola \">\n\t\t\t\t<svg xmlns=\"http:\/\/www.w3.org\/2000\/svg\" xmlns:xlink=\"http:\/\/www.w3.org\/1999\/xlink\" id=\"Capa_1\" x=\"0px\" y=\"0px\" viewBox=\"0 0 604 480\" style=\"enable-background:new 0 0 604 480;\" xml:space=\"preserve\"><style type=\"text\/css\">\t.st0{fill:#21421E;}\t.st1{fill:#21421E;stroke:#000000;stroke-width:0.5;stroke-miterlimit:10;}<\/style><path class=\"st0\" d=\"M153.9,420.9V64h154.7l10.1,48.6H448v170.1H341.9l-10-48.6H167v186.7H153.9z M353.7,269.8h81.2V125.7H306.9 l-10.1-48.6H167v144.1h176.7L353.7,269.8z\"><\/path><\/svg>\t\t\t\t<\/a>\n\t\t\t<\/div>\n\t\t\t\n\t\t\t\t\t\t<div class=\"elementor-icon-box-content\">\n\n\t\t\t\t\t\t\t\t\t<h3 class=\"elementor-icon-box-title\">\n\t\t\t\t\t\t<a href=\"https:\/\/www.valerotaxlegal.com\/ca\/serveis-destrangeria\/nacionalitat-espanyola\/\" >\n\t\t\t\t\t\t\tNacionalitat Espanyola \t\t\t\t\t\t<\/a>\n\t\t\t\t\t<\/h3>\n\t\t\t\t\n\t\t\t\t\n\t\t\t<\/div>\n\t\t\t\n\t\t<\/div>\n\t\t\t\t\t\t<\/div>\n\t\t\t\t<\/div>\n\t\t\t\t<div class=\"elementor-element elementor-element-d7d1e85 elementor-widget__width-initial elementor-widget-tablet__width-initial elementor-widget-mobile__width-initial elementor-view-default elementor-position-block-start elementor-mobile-position-block-start elementor-widget elementor-widget-icon-box\" data-id=\"d7d1e85\" data-element_type=\"widget\" data-e-type=\"widget\" data-widget_type=\"icon-box.default\">\n\t\t\t\t<div class=\"elementor-widget-container\">\n\t\t\t\t\t\t\t<div class=\"elementor-icon-box-wrapper\">\n\n\t\t\t\t\t\t<div class=\"elementor-icon-box-icon\">\n\t\t\t\t<a href=\"https:\/\/www.valerotaxlegal.com\/ca\/serveis-destrangeria\/visats\/\" class=\"elementor-icon elementor-animation-grow-rotate\" tabindex=\"-1\" aria-label=\"Visats\">\n\t\t\t\t<svg xmlns=\"http:\/\/www.w3.org\/2000\/svg\" xmlns:xlink=\"http:\/\/www.w3.org\/1999\/xlink\" id=\"Capa_1\" x=\"0px\" y=\"0px\" viewBox=\"0 0 604 480\" style=\"enable-background:new 0 0 604 480;\" xml:space=\"preserve\"><style type=\"text\/css\">\t.st0{fill:#21421E;}\t.st1{fill:#21421E;stroke:#000000;stroke-width:0.5;stroke-miterlimit:10;}<\/style><g>\t<path class=\"st0\" d=\"M241.3,344.2c40.8,0,81.3,0,121.9,0c0,5.8,0,11.2,0,17c-40.7,0-81.2,0-121.9,0  C241.3,355.5,241.3,350,241.3,344.2z\"><\/path>\t<path class=\"st0\" d=\"M241.3,325.7c0-5.7,0-11.1,0-16.7c40.6,0,81.1,0,121.9,0c0,5.5,0,10.9,0,16.7  C322.7,325.7,282.1,325.7,241.3,325.7z\"><\/path>\t<path class=\"st0\" d=\"M357.5,135.3c-7.2-7.3-15.8-13-25.4-17c-9.5-3.9-19.5-5.9-29.8-5.9h-0.2c-20.9,0-40.5,8.1-55.3,22.9  c-14.8,14.8-22.9,34.5-22.9,55.3c0,10.3,2,20.4,5.9,29.9c3.9,9.5,9.6,18.1,17,25.4c14.8,14.8,34.4,22.9,55.3,22.9  c20.9,0,40.5-8.1,55.3-22.9c14.8-14.8,22.9-34.4,22.9-55.3C380.4,169.7,372.3,150.1,357.5,135.3z M294.7,217.1  c-2.9,2.2-4.9,5.1-5.9,8.5l-2.6,8.3l-2.4,2.9c-0.5,0.6-1,1.2-1.4,1.8l-0.7-3.9c-0.4-2.5-1.4-4.9-3-6.9l-8.5-11.1  c-0.4-0.5-0.7-1.1-0.9-1.7l-2.8-10.1c-0.9-3-2.6-5.7-5-7.7c2.4,0.2,4.9-0.3,7.1-1.5l4.1-2.2c0.8-0.4,1.8-0.4,2.6,0.1l7.8,4.7  c1.1,0.6,2.3,1,3.7,1c0,0,0,0,0,0c1.8-0.1,3.7,1,5,2.8l3.8,5.3c0.3,0.5,0.7,1,1.1,1.4l3.4,4L294.7,217.1z M253.7,142.2  c4.2-4.2,8.9-7.8,14-10.8l7,5.2c0.8,0.6,1.7,1.2,2.7,1.8c2.2,1.3,4.2,3.2,5.8,5.3l5,7.2c0.7,1.1,0.7,2.4-0.1,3.5l-2.3,3  c-0.1,0.1-0.2,0.2-0.4,0.1l-2.6-0.3c-5.7-0.8-11.3,2-14.2,7c-0.1,0.2-0.3,0.3-0.5,0.2l-6-0.7c-5.6-0.7-10.9,1.7-14,6.4  c-3,4.5-3.1,10.3-0.2,14.9l3.7,5.9l-2.6-2.5c-0.5-0.5-0.9-1-1.3-1.6c-2.8-4.7-7.5-7.7-12.8-8.1  C237.1,164.9,243.8,152.1,253.7,142.2L253.7,142.2z M233.7,188.4c2.2,0.2,4.2,1.4,5.3,3.3c0.8,1.4,1.8,2.6,3,3.8l5.2,4.9  c1.5,1.4,3.4,2.5,5.3,3l0.6,0.2c1.9,0.5,3.5,2.1,4,4l2.8,10.1c0.5,1.8,1.3,3.5,2.5,5l8.5,11.1c0.6,0.8,1,1.7,1.1,2.6l2.3,13.8  c0.2,1.6,1.1,3,2.2,4.1c-8.4-3.4-16.1-8.5-22.7-15.1c-6.4-6.4-11.4-13.9-14.8-22.2c-3.5-8.4-5.2-17.2-5.2-26.2  C233.7,189.9,233.7,189.1,233.7,188.4z M283.7,255.4c3-1.3,5.1-4.1,5.4-7.3c0.2-1.9,0.9-3.6,2.1-5l2.5-3c0.8-1,1.4-2.1,1.9-3.5  l2.5-8.2c0.4-1.4,1.3-2.7,2.5-3.6l7.5-5.7c1.6-1.2,2.6-2.9,2.9-4.8c0.4-2.2-0.3-4.4-1.7-6l-5-5.8c-0.2-0.3-0.4-0.5-0.6-0.8  l-3.8-5.3c-3-4.1-7.5-6.7-12.3-6.8l-7.1-4.3c-3.7-2.2-8.4-2.3-12.3-0.3l-4.1,2.2c-1.5,0.8-3.3,0.3-4.2-1.1l-4-6.3  c-0.8-1.3-0.8-2.9,0.1-4.2c1.1-1.6,2.8-2.4,4.7-2.1l6,0.7c4.1,0.6,8.1-1.4,10.2-5c0.9-1.6,2.7-2.5,4.5-2.2l2.6,0.3  c3.5,0.5,7.1-1,9.4-3.9l2.3-3c3.4-4.4,3.6-10.4,0.4-15l-5-7.2c-2.3-3.3-5.4-6.1-8.8-8.2c-0.5-0.3-1.1-0.7-1.7-1.2l-2.9-2.2  c10.2-3.9,21.2-5.3,32.1-4.1c11.6,1.3,22.7,5.6,32.3,12.4l0,0c-4.6,5.1-8.7,10.6-12.2,16.5l-2.7,4.7c-1.8,3.2-1.4,7.1,1,9.8  c1.8,2.1,4.4,3.4,7.1,3.8l1.3,0.1c3.2,0.4,5.8,2.6,6.8,5.7c0.9,2.9,0,6.1-2.3,8.1L328,195.1c-2.3,2.1-3.6,5-3.6,8.1v3  c0,3.2,1.5,6.1,4.2,7.8c1.9,1.2,3.1,3.3,3.3,5.5l0.3,3c0.4,4.2,4,7.5,8.3,7.5h7.6c5.7,0,11-3.4,13.3-8.6l0.5-1  c0.7-1.6,1.9-2.9,3.5-3.7c-3.4,8.3-8.5,16-14.9,22.4l0,0c-12.9,12.9-30.1,20.1-48.4,20.1c-7.2,0-14.2-1.1-20.8-3.2  C282.1,255.8,282.9,255.7,283.7,255.4z M368.9,206l-0.8,0c-6.6,0.3-12.5,4.3-15,10.3l-0.5,1c-0.8,1.7-2.5,2.8-4.4,2.8h-6.3  l-0.2-1.7c-0.5-5.1-3.2-9.7-7.4-12.6l0-2.9c0-0.3,0.1-0.5,0.3-0.7l12.9-11.4c5.1-4.6,7.1-11.7,5.2-18.3c-2.1-6.8-7.9-11.7-15-12.5  l-1.3-0.1c-0.1,0-0.1,0-0.2,0l2.1-3.5c3.1-5.4,6.9-10.4,11.2-15.1l0.1-0.1c0.4,0.3,0.7,0.7,1,1c6.4,6.4,11.4,13.9,14.9,22.2  c3.4,8.3,5.2,17.2,5.2,26.2C370.7,195.8,370.1,201,368.9,206z\"><\/path>\t<path class=\"st0\" d=\"M430.4,431.4H175.6c-8.4,0-15.1-6.8-15.1-15.1V60.4c0-8.4,6.8-15.1,15.1-15.1h254.8c8.4,0,15.1,6.8,15.1,15.1  v355.9C445.5,424.6,438.8,431.4,430.4,431.4z M175.6,58.7c-0.9,0-1.7,0.7-1.7,1.7v355.9c0,0.9,0.7,1.7,1.7,1.7h254.8  c0.9,0,1.7-0.7,1.7-1.7V60.4c0-0.9-0.7-1.7-1.7-1.7H175.6z\"><\/path><\/g><\/svg>\t\t\t\t<\/a>\n\t\t\t<\/div>\n\t\t\t\n\t\t\t\t\t\t<div class=\"elementor-icon-box-content\">\n\n\t\t\t\t\t\t\t\t\t<h3 class=\"elementor-icon-box-title\">\n\t\t\t\t\t\t<a href=\"https:\/\/www.valerotaxlegal.com\/ca\/serveis-destrangeria\/visats\/\" >\n\t\t\t\t\t\t\tVisats\t\t\t\t\t\t<\/a>\n\t\t\t\t\t<\/h3>\n\t\t\t\t\n\t\t\t\t\n\t\t\t<\/div>\n\t\t\t\n\t\t<\/div>\n\t\t\t\t\t\t<\/div>\n\t\t\t\t<\/div>\n\t\t\t\t<div class=\"elementor-element elementor-element-8843887 elementor-widget__width-initial elementor-widget-tablet__width-initial elementor-widget-mobile__width-initial elementor-view-default elementor-position-block-start elementor-mobile-position-block-start elementor-widget elementor-widget-icon-box\" data-id=\"8843887\" data-element_type=\"widget\" data-e-type=\"widget\" data-widget_type=\"icon-box.default\">\n\t\t\t\t<div class=\"elementor-widget-container\">\n\t\t\t\t\t\t\t<div class=\"elementor-icon-box-wrapper\">\n\n\t\t\t\t\t\t<div class=\"elementor-icon-box-icon\">\n\t\t\t\t<a href=\"https:\/\/www.valerotaxlegal.com\/ca\/serveis-destrangeria\/llei-beckham\/\" class=\"elementor-icon elementor-animation-grow-rotate\" tabindex=\"-1\" aria-label=\"Llei Beckham\">\n\t\t\t\t<svg xmlns=\"http:\/\/www.w3.org\/2000\/svg\" xmlns:xlink=\"http:\/\/www.w3.org\/1999\/xlink\" id=\"Capa_1\" x=\"0px\" y=\"0px\" viewBox=\"0 0 604 480\" style=\"enable-background:new 0 0 604 480;\" xml:space=\"preserve\"><style type=\"text\/css\">\t.st0{fill:#21421E;}\t.st1{fill:#21421E;stroke:#000000;stroke-width:0.5;stroke-miterlimit:10;}<\/style><path class=\"st0\" d=\"M502.1,336.8l-131.7-132l13.4-13.4l6.1,6.1c2.6,2.3,6.6,2.2,9.1-0.3l24-24c5.8-6.1,9-14,9-22.5 c0-8.5-3.4-17-9.6-23.2l-80.4-80.4c-12.8-12.8-33.6-12.8-46.4,0l-23.6,23.6c-1.1,1.2-1.6,2.8-1.6,4.4c0,1.6,0.7,3.5,1.9,4.7l5.8,5.8 l-80.9,80.9v1.5l-6.5-6.5c-1.3-1.3-3-1.9-4.7-1.9s-3.5,0.7-4.7,1.9L158,184.8c-6.1,6.1-9.6,14.5-9.6,23.2c0,8.6,3.5,17.1,9.6,23.2 l80.4,80.4c6.1,6.1,14.5,9.6,23.2,9.6c8.6,0,17.1-3.5,23.2-9.6l23.6-23.6c1.1-1.2,1.7-2.8,1.7-4.4c0-1.6-0.7-3.5-1.9-4.7l-5.8-5.8 l13.4-13.4l131.7,132c7.3,7.3,17,11.3,27.4,11.3c10.4,0,20-4.1,27.4-11.3c7.3-7.3,11.3-17,11.3-27.4c0-10.4-4.1-20-11.3-27.4 L502.1,336.8z M307.7,53.8l0.3,0.3c7.6-4.9,17.8-4.1,24.5,2.3l0,0l80.1,80.4c7.6,7.6,7.6,20,0,27.6l-18.4,18.4L286.2,75.2 L307.7,53.8L307.7,53.8z M275.2,302c-3.8,3.8-8.8,5.7-13.8,5.7c-5,0-10-1.9-13.8-5.7l-80.4-80.3c-3.6-3.6-5.8-8.6-5.8-13.8 c0-5.2,2.1-10.2,5.8-13.8l18.6-18.4l107.9,107.7L275.2,302L275.2,302z M292.7,263.6l-87-86.8L287.4,95l87,87L292.7,263.6z  M492.9,382.1c-4.8,4.8-11.2,7.4-17.9,7.4s-13.1-2.6-17.9-7.4l-132-132l36-35.8l131.9,132c4.8,4.7,7.4,11.2,7.4,17.9 S497.8,377.4,492.9,382.1L492.9,382.1z M367.3,417.8h-28v-35.9c0-15.2-12.3-27.6-27.6-27.6H155.5c-15.2,0-27.6,12.3-27.6,27.6v35.9 h-27.9c-3.6,0-6.7,3-6.7,6.7s3,6.7,6.7,6.7h267.2c3.6,0,6.7-3,6.7-6.7S371,417.8,367.3,417.8z M326,417.9H141.2V382 c0-7.9,6.4-14.3,14.3-14.3h156.1c3.7,0,7.4,1.5,10.1,4.2c2.7,2.7,4.1,6.3,4.1,10.1v35.9H326z\"><\/path><\/svg>\t\t\t\t<\/a>\n\t\t\t<\/div>\n\t\t\t\n\t\t\t\t\t\t<div class=\"elementor-icon-box-content\">\n\n\t\t\t\t\t\t\t\t\t<h3 class=\"elementor-icon-box-title\">\n\t\t\t\t\t\t<a href=\"https:\/\/www.valerotaxlegal.com\/ca\/serveis-destrangeria\/llei-beckham\/\" >\n\t\t\t\t\t\t\tLlei Beckham\t\t\t\t\t\t<\/a>\n\t\t\t\t\t<\/h3>\n\t\t\t\t\n\t\t\t\t\n\t\t\t<\/div>\n\t\t\t\n\t\t<\/div>\n\t\t\t\t\t\t<\/div>\n\t\t\t\t<\/div>\n\t\t\t\t<div class=\"elementor-element elementor-element-07c5838 elementor-widget__width-initial elementor-widget-tablet__width-initial elementor-widget-mobile__width-initial elementor-view-default elementor-position-block-start elementor-mobile-position-block-start elementor-widget elementor-widget-icon-box\" data-id=\"07c5838\" data-element_type=\"widget\" data-e-type=\"widget\" data-widget_type=\"icon-box.default\">\n\t\t\t\t<div class=\"elementor-widget-container\">\n\t\t\t\t\t\t\t<div class=\"elementor-icon-box-wrapper\">\n\n\t\t\t\t\t\t<div class=\"elementor-icon-box-icon\">\n\t\t\t\t<a href=\"https:\/\/www.valerotaxlegal.com\/ca\/serveis-destrangeria\/tramitacio-certificat-digital\/\" class=\"elementor-icon elementor-animation-grow-rotate\" tabindex=\"-1\" aria-label=\"Tr\u00e0mit del certificat digital en 24h\">\n\t\t\t\t<svg xmlns=\"http:\/\/www.w3.org\/2000\/svg\" xmlns:xlink=\"http:\/\/www.w3.org\/1999\/xlink\" id=\"Capa_1\" x=\"0px\" y=\"0px\" viewBox=\"0 0 604 480\" style=\"enable-background:new 0 0 604 480;\" xml:space=\"preserve\"><style type=\"text\/css\">\t.st0{fill:#21421E;}\t.st1{fill:#21421E;stroke:#000000;stroke-width:0.5;stroke-miterlimit:10;}<\/style><path class=\"st0\" d=\"M248.4,352.6c-5.3,0-9.7-1.8-13.4-5.5c-3.7-3.7-5.5-8.1-5.5-13.4v-22H256V193.1l11.7,10.1l11.9-10.1l11.9,10.1 l11.9-10.1l11.9,10.1l11.9-10.1l11.9,10.1l11.9-10.1l11.9,10.1l11.7-10.1v140.5c0,5.3-1.8,9.7-5.5,13.4c-3.7,3.7-8.1,5.5-13.4,5.5 H248.4z M355.7,343c2.7,0,4.9-0.9,6.6-2.6c1.7-1.7,2.6-4,2.6-6.7V209.6h-99.3v102.1h80.8v21.9c0,2.7,0.9,4.9,2.6,6.7 C350.8,342.1,353,343,355.7,343z M277.7,241v-9.6h48.1v9.6H277.7z M277.7,268.7v-9.6h48.1v9.6H277.7z M345.5,242.2 c-1.6,0-3-0.6-4.2-1.8c-1.2-1.2-1.8-2.6-1.8-4.2s0.6-3,1.8-4.2c1.2-1.2,2.6-1.8,4.2-1.8s3,0.6,4.2,1.8c1.2,1.2,1.8,2.6,1.8,4.2 c0,1.6-0.6,3-1.8,4.2C348.4,241.6,347.1,242.2,345.5,242.2z M345.5,269c-1.6,0-3-0.6-4.2-1.8c-1.2-1.2-1.8-2.6-1.8-4.2 c0-1.6,0.6-3,1.8-4.2c1.2-1.2,2.6-1.8,4.2-1.8c1.6,0,3,0.6,4.2,1.8c1.2,1.2,1.8,2.6,1.8,4.2c0,1.6-0.6,3-1.8,4.2 C348.4,268.4,347.1,269,345.5,269z M248.2,343h88.6v-21.6h-97.7v12.3c0,2.7,0.9,4.9,2.6,6.7C243.5,342.1,245.7,343,248.2,343z  M239.1,343v-21.6V343z\"><\/path><path class=\"st0\" d=\"M123.6,422.3c-9.2,0-17-3.2-23.4-9.5c-6.3-6.3-9.5-14.1-9.5-23.4V153.4c0-9.2,3.2-17,9.5-23.4 c6.3-6.3,14.1-9.5,23.4-9.5h113.2V87.7c0-9.2,3.2-17,9.5-23.4c6.3-6.3,14.1-9.5,23.4-9.5h65.7c9.2,0,17,3.2,23.4,9.5 c6.3,6.3,9.5,14.1,9.5,23.4v32.9h113.2c9.2,0,17,3.2,23.4,9.5c6.3,6.3,9.5,14.1,9.5,23.4v236.1c0,9.2-3.2,17-9.5,23.4 c-6.3,6.3-14.1,9.5-23.4,9.5H123.6z M123.6,408.9h357.8c4.9,0,9.3-2,13.4-6.1c4.1-4.1,6.1-8.5,6.1-13.4V153.4c0-4.9-2-9.3-6.1-13.4 c-4.1-4.1-8.5-6.1-13.4-6.1H123.6c-4.9,0-9.3,2-13.4,6.1c-4.1,4.1-6.1,8.5-6.1,13.4v236.1c0,4.9,2,9.3,6.1,13.4 C114.2,406.9,118.7,408.9,123.6,408.9z M250.1,120.5h104.7V87.7c0-4.9-2-9.3-6.1-13.4c-4.1-4.1-8.5-6.1-13.4-6.1h-65.7 c-4.9,0-9.3,2-13.4,6.1c-4.1,4.1-6.1,8.5-6.1,13.4V120.5z M104.1,408.9v-275V408.9z\"><\/path><\/svg>\t\t\t\t<\/a>\n\t\t\t<\/div>\n\t\t\t\n\t\t\t\t\t\t<div class=\"elementor-icon-box-content\">\n\n\t\t\t\t\t\t\t\t\t<h3 class=\"elementor-icon-box-title\">\n\t\t\t\t\t\t<a href=\"https:\/\/www.valerotaxlegal.com\/ca\/serveis-destrangeria\/tramitacio-certificat-digital\/\" >\n\t\t\t\t\t\t\tTr\u00e0mit del certificat digital en 24h\t\t\t\t\t\t<\/a>\n\t\t\t\t\t<\/h3>\n\t\t\t\t\n\t\t\t\t\n\t\t\t<\/div>\n\t\t\t\n\t\t<\/div>\n\t\t\t\t\t\t<\/div>\n\t\t\t\t<\/div>\n\t\t\t\t<div class=\"elementor-element elementor-element-c14c440 elementor-widget__width-initial elementor-widget-tablet__width-initial elementor-widget-mobile__width-initial elementor-view-default elementor-position-block-start elementor-mobile-position-block-start elementor-widget elementor-widget-icon-box\" data-id=\"c14c440\" data-element_type=\"widget\" data-e-type=\"widget\" data-widget_type=\"icon-box.default\">\n\t\t\t\t<div class=\"elementor-widget-container\">\n\t\t\t\t\t\t\t<div class=\"elementor-icon-box-wrapper\">\n\n\t\t\t\t\t\t<div class=\"elementor-icon-box-icon\">\n\t\t\t\t<a href=\"https:\/\/www.valerotaxlegal.com\/ca\/serveis-destrangeria\/e-residency-estonia\/\" class=\"elementor-icon elementor-animation-grow-rotate\" tabindex=\"-1\" aria-label=\"e-Residency d&#039;Estonia\">\n\t\t\t\t<svg xmlns=\"http:\/\/www.w3.org\/2000\/svg\" xmlns:xlink=\"http:\/\/www.w3.org\/1999\/xlink\" id=\"Capa_1\" x=\"0px\" y=\"0px\" viewBox=\"0 0 604 480\" style=\"enable-background:new 0 0 604 480;\" xml:space=\"preserve\"><style type=\"text\/css\">\t.st0{fill:#21421E;}\t.st1{fill:#21421E;stroke:#000000;stroke-width:0.5;stroke-miterlimit:10;}<\/style><path class=\"st1\" d=\"M353.2,247.8h83.4v-16.7h-83.4V247.8z M353.2,187.7h83.4V171h-83.4V187.7z M136.3,392c-8.3,0-15.4-2.9-21.3-8.8 c-5.8-5.8-8.8-12.9-8.8-21.3V118.5c0-8.3,2.9-15.4,8.8-21.3c5.8-5.8,12.9-8.8,21.3-8.8h330.3c8.3,0,15.4,2.9,21.3,8.8 c5.8,5.8,8.8,12.9,8.8,21.3V362c0,8.3-2.9,15.4-8.8,21.3c-5.8,5.8-12.9,8.8-21.3,8.8H136.3z M133.1,378h336.7c3.4,0,6.5-1.4,9.3-4.2 s4.2-5.9,4.2-9.3V116.1c0-3.4-1.4-6.5-4.2-9.3c-2.8-2.8-5.9-4.2-9.3-4.2H133.1c-3.4,0-6.5,1.4-9.3,4.2c-2.8,2.8-4.2,5.9-4.2,9.3 v248.2c0,3.4,1.4,6.5,4.2,9.3C126.6,376.6,129.7,378,133.1,378z M276.1,200.1V190h-12.6v-15.9c0-4.2-1.5-7.7-4.3-10.6 c-2.9-2.9-6.4-4.3-10.6-4.3h-15.9v-12.6h-10.1v12.6h-28.3v-12.6h-10.1v12.6h-15.9c-4.2,0-7.7,1.5-10.6,4.3 c-2.9,2.9-4.3,6.4-4.3,10.6V190h-12.9v10.1h12.9v28.3h-12.9v10.1h12.9v15.9c0,4.2,1.5,7.7,4.3,10.6c2.9,2.9,6.4,4.3,10.6,4.3h15.9 v12.9h10.1v-12.9h28.3v12.9h10.1v-12.9h15.9c4.2,0,7.7-1.5,10.6-4.3c2.9-2.9,4.3-6.4,4.3-10.6v-15.9h12.6v-10.1h-12.6v-28.3H276.1z  M253.4,174.1v80.2c0,1.2-0.5,2.2-1.6,3.3c-1.1,1.1-2.1,1.6-3.3,1.6h-80.2c-1.2,0-2.2-0.5-3.3-1.6c-1.1-1.1-1.6-2.1-1.6-3.3v-80.2 c0-1.2,0.5-2.2,1.6-3.3c1.1-1.1,2.1-1.6,3.3-1.6h80.2c1.2,0,2.2,0.5,3.3,1.6C252.9,171.9,253.4,173,253.4,174.1z M191.3,231.3h34 v-34h-34V231.3z M215.2,207.4v13.8h-13.8v-13.8H215.2z\"><\/path><\/svg>\t\t\t\t<\/a>\n\t\t\t<\/div>\n\t\t\t\n\t\t\t\t\t\t<div class=\"elementor-icon-box-content\">\n\n\t\t\t\t\t\t\t\t\t<h3 class=\"elementor-icon-box-title\">\n\t\t\t\t\t\t<a href=\"https:\/\/www.valerotaxlegal.com\/ca\/serveis-destrangeria\/e-residency-estonia\/\" >\n\t\t\t\t\t\t\te-Residency d'Estonia\t\t\t\t\t\t<\/a>\n\t\t\t\t\t<\/h3>\n\t\t\t\t\n\t\t\t\t\n\t\t\t<\/div>\n\t\t\t\n\t\t<\/div>\n\t\t\t\t\t\t<\/div>\n\t\t\t\t<\/div>\n\t\t\t\t<\/div>\n\t\t\t\t\t<\/div>\n\t\t\t\t<\/div>\n\t\t\t\t<\/div>\n\t\t\t\t<\/div>\n\t\t\t\t\t\t<\/div>\n\t\t\t\t<\/div>\n\t\t\t\t<\/div>\n\t\t\t\t<\/div>\n\t\t","protected":false},"excerpt":{"rendered":"<p>Serveis d&#8217;estrangeria Visats Si t&#8217;interessa el Visat, demana&#8217;ns m\u00e9s informaci\u00f3. Nombre* Email* Consentimiento* He le\u00eddo y acepto la pol\u00edtica de privacidad*Le informamos que el responsable del tratamiento de este formulario de recogida de datos es VALERO Asesoria &#038; Gesti\u00f3n SL.\u00a0 La finalidad principal de este formulario es registrar la solicitud del usuario de informaci\u00f3n y&hellip;&nbsp;<a href=\"https:\/\/www.valerotaxlegal.com\/ca\/serveis-destrangeria\/visats\/\" rel=\"bookmark\"><span class=\"screen-reader-text\">Visats<\/span><\/a><\/p>\n","protected":false},"author":1,"featured_media":0,"parent":6012,"menu_order":0,"comment_status":"closed","ping_status":"closed","template":"elementor_header_footer","meta":{"_acf_changed":false,"neve_meta_sidebar":"full-width","neve_meta_container":"","neve_meta_enable_content_width":"on","neve_meta_content_width":100,"neve_meta_title_alignment":"","neve_meta_author_avatar":"","neve_post_elements_order":"","neve_meta_disable_header":"","neve_meta_disable_footer":"","neve_meta_disable_title":"","footnotes":""},"class_list":["post-5942","page","type-page","status-publish","hentry"],"acf":[],"yoast_head":"<!-- This site is optimized with the Yoast SEO plugin v28.2 - https:\/\/yoast.com\/product\/yoast-seo-wordpress\/ -->\n<title>Asesor\u00eda Fiscal y Contable | VALERO TAX LEGAL<\/title>\n<meta name=\"description\" content=\"Ofrecemos un amplio abanico de servicios de asesor\u00eda fiscal y contable para resolver las obligaciones tributarias de tu negocio.\" \/>\n<meta name=\"robots\" content=\"index, follow, max-snippet:-1, max-image-preview:large, max-video-preview:-1\" \/>\n<link rel=\"canonical\" href=\"https:\/\/www.valerotaxlegal.com\/ca\/serveis-destrangeria\/visats\/\" \/>\n<meta property=\"og:locale\" content=\"ca_ES\" \/>\n<meta property=\"og:type\" content=\"article\" \/>\n<meta property=\"og:title\" content=\"Asesor\u00eda Fiscal y Contable | VALERO TAX LEGAL\" \/>\n<meta property=\"og:description\" content=\"Ofrecemos un amplio abanico de servicios de asesor\u00eda fiscal y contable para resolver las obligaciones tributarias de tu negocio.\" \/>\n<meta property=\"og:url\" content=\"https:\/\/www.valerotaxlegal.com\/ca\/serveis-destrangeria\/visats\/\" \/>\n<meta property=\"og:site_name\" content=\"VALERO TAX LEGAL\" \/>\n<meta property=\"article:modified_time\" content=\"2025-01-21T10:06:50+00:00\" \/>\n<meta property=\"og:image\" content=\"https:\/\/www.valerotaxlegal.com\/wp-content\/uploads\/2024\/09\/beneficio-fiscal.png\" \/>\n\t<meta property=\"og:image:width\" content=\"1082\" \/>\n\t<meta property=\"og:image:height\" content=\"861\" \/>\n\t<meta property=\"og:image:type\" content=\"image\/png\" \/>\n<meta name=\"twitter:card\" content=\"summary_large_image\" \/>\n<meta name=\"twitter:label1\" content=\"Temps estimat de lectura\" \/>\n\t<meta name=\"twitter:data1\" content=\"29 minuts\" \/>\n<script type=\"application\/ld+json\" class=\"yoast-schema-graph\">{\"@context\":\"https:\\\/\\\/schema.org\",\"@graph\":[{\"@type\":\"WebPage\",\"@id\":\"https:\\\/\\\/www.valerotaxlegal.com\\\/ca\\\/serveis-destrangeria\\\/visats\\\/\",\"url\":\"https:\\\/\\\/www.valerotaxlegal.com\\\/ca\\\/serveis-destrangeria\\\/visats\\\/\",\"name\":\"Asesor\u00eda Fiscal y Contable | VALERO TAX LEGAL\",\"isPartOf\":{\"@id\":\"https:\\\/\\\/www.valerotaxlegal.com\\\/#website\"},\"primaryImageOfPage\":{\"@id\":\"https:\\\/\\\/www.valerotaxlegal.com\\\/ca\\\/serveis-destrangeria\\\/visats\\\/#primaryimage\"},\"image\":{\"@id\":\"https:\\\/\\\/www.valerotaxlegal.com\\\/ca\\\/serveis-destrangeria\\\/visats\\\/#primaryimage\"},\"thumbnailUrl\":\"https:\\\/\\\/www.valerotaxlegal.com\\\/wp-content\\\/uploads\\\/2024\\\/09\\\/beneficio-fiscal.png\",\"datePublished\":\"2024-09-26T10:20:36+00:00\",\"dateModified\":\"2025-01-21T10:06:50+00:00\",\"description\":\"Ofrecemos un amplio abanico de servicios de asesor\u00eda fiscal y contable para resolver las obligaciones tributarias de tu negocio.\",\"breadcrumb\":{\"@id\":\"https:\\\/\\\/www.valerotaxlegal.com\\\/ca\\\/serveis-destrangeria\\\/visats\\\/#breadcrumb\"},\"inLanguage\":\"ca\",\"potentialAction\":[{\"@type\":\"ReadAction\",\"target\":[\"https:\\\/\\\/www.valerotaxlegal.com\\\/ca\\\/serveis-destrangeria\\\/visats\\\/\"]}]},{\"@type\":\"ImageObject\",\"inLanguage\":\"ca\",\"@id\":\"https:\\\/\\\/www.valerotaxlegal.com\\\/ca\\\/serveis-destrangeria\\\/visats\\\/#primaryimage\",\"url\":\"https:\\\/\\\/www.valerotaxlegal.com\\\/wp-content\\\/uploads\\\/2024\\\/09\\\/beneficio-fiscal.png\",\"contentUrl\":\"https:\\\/\\\/www.valerotaxlegal.com\\\/wp-content\\\/uploads\\\/2024\\\/09\\\/beneficio-fiscal.png\"},{\"@type\":\"BreadcrumbList\",\"@id\":\"https:\\\/\\\/www.valerotaxlegal.com\\\/ca\\\/serveis-destrangeria\\\/visats\\\/#breadcrumb\",\"itemListElement\":[{\"@type\":\"ListItem\",\"position\":1,\"name\":\"Portada\",\"item\":\"https:\\\/\\\/www.valerotaxlegal.com\\\/ca\\\/\"},{\"@type\":\"ListItem\",\"position\":2,\"name\":\"Serveis d&#8217;estrangeria\",\"item\":\"https:\\\/\\\/www.valerotaxlegal.com\\\/ca\\\/serveis-destrangeria\\\/\"},{\"@type\":\"ListItem\",\"position\":3,\"name\":\"Visats\"}]},{\"@type\":\"WebSite\",\"@id\":\"https:\\\/\\\/www.valerotaxlegal.com\\\/#website\",\"url\":\"https:\\\/\\\/www.valerotaxlegal.com\\\/\",\"name\":\"VALERO TAX LEGAL\",\"description\":\"Servicios de asesoramiento jur\u00eddico contable fiscal laboral\",\"publisher\":{\"@id\":\"https:\\\/\\\/www.valerotaxlegal.com\\\/#organization\"},\"potentialAction\":[{\"@type\":\"SearchAction\",\"target\":{\"@type\":\"EntryPoint\",\"urlTemplate\":\"https:\\\/\\\/www.valerotaxlegal.com\\\/?s={search_term_string}\"},\"query-input\":{\"@type\":\"PropertyValueSpecification\",\"valueRequired\":true,\"valueName\":\"search_term_string\"}}],\"inLanguage\":\"ca\"},{\"@type\":\"Organization\",\"@id\":\"https:\\\/\\\/www.valerotaxlegal.com\\\/#organization\",\"name\":\"Valero Tax Legal\",\"url\":\"https:\\\/\\\/www.valerotaxlegal.com\\\/\",\"logo\":{\"@type\":\"ImageObject\",\"inLanguage\":\"ca\",\"@id\":\"https:\\\/\\\/www.valerotaxlegal.com\\\/#\\\/schema\\\/logo\\\/image\\\/\",\"url\":\"https:\\\/\\\/www.valerotaxlegal.com\\\/wp-content\\\/uploads\\\/2021\\\/04\\\/favicon_valero.jpg\",\"contentUrl\":\"https:\\\/\\\/www.valerotaxlegal.com\\\/wp-content\\\/uploads\\\/2021\\\/04\\\/favicon_valero.jpg\",\"width\":400,\"height\":400,\"caption\":\"Valero Tax Legal\"},\"image\":{\"@id\":\"https:\\\/\\\/www.valerotaxlegal.com\\\/#\\\/schema\\\/logo\\\/image\\\/\"}}]}<\/script>\n<!-- \/ Yoast SEO plugin. -->","yoast_head_json":{"title":"Asesor\u00eda Fiscal y Contable | VALERO TAX LEGAL","description":"Ofrecemos un amplio abanico de servicios de asesor\u00eda fiscal y contable para resolver las obligaciones tributarias de tu negocio.","robots":{"index":"index","follow":"follow","max-snippet":"max-snippet:-1","max-image-preview":"max-image-preview:large","max-video-preview":"max-video-preview:-1"},"canonical":"https:\/\/www.valerotaxlegal.com\/ca\/serveis-destrangeria\/visats\/","og_locale":"ca_ES","og_type":"article","og_title":"Asesor\u00eda Fiscal y Contable | VALERO TAX LEGAL","og_description":"Ofrecemos un amplio abanico de servicios de asesor\u00eda fiscal y contable para resolver las obligaciones tributarias de tu negocio.","og_url":"https:\/\/www.valerotaxlegal.com\/ca\/serveis-destrangeria\/visats\/","og_site_name":"VALERO TAX LEGAL","article_modified_time":"2025-01-21T10:06:50+00:00","og_image":[{"width":1082,"height":861,"url":"https:\/\/www.valerotaxlegal.com\/wp-content\/uploads\/2024\/09\/beneficio-fiscal.png","type":"image\/png"}],"twitter_card":"summary_large_image","twitter_misc":{"Temps estimat de lectura":"29 minuts"},"schema":{"@context":"https:\/\/schema.org","@graph":[{"@type":"WebPage","@id":"https:\/\/www.valerotaxlegal.com\/ca\/serveis-destrangeria\/visats\/","url":"https:\/\/www.valerotaxlegal.com\/ca\/serveis-destrangeria\/visats\/","name":"Asesor\u00eda Fiscal y Contable | VALERO TAX LEGAL","isPartOf":{"@id":"https:\/\/www.valerotaxlegal.com\/#website"},"primaryImageOfPage":{"@id":"https:\/\/www.valerotaxlegal.com\/ca\/serveis-destrangeria\/visats\/#primaryimage"},"image":{"@id":"https:\/\/www.valerotaxlegal.com\/ca\/serveis-destrangeria\/visats\/#primaryimage"},"thumbnailUrl":"https:\/\/www.valerotaxlegal.com\/wp-content\/uploads\/2024\/09\/beneficio-fiscal.png","datePublished":"2024-09-26T10:20:36+00:00","dateModified":"2025-01-21T10:06:50+00:00","description":"Ofrecemos un amplio abanico de servicios de asesor\u00eda fiscal y contable para resolver las obligaciones tributarias de tu negocio.","breadcrumb":{"@id":"https:\/\/www.valerotaxlegal.com\/ca\/serveis-destrangeria\/visats\/#breadcrumb"},"inLanguage":"ca","potentialAction":[{"@type":"ReadAction","target":["https:\/\/www.valerotaxlegal.com\/ca\/serveis-destrangeria\/visats\/"]}]},{"@type":"ImageObject","inLanguage":"ca","@id":"https:\/\/www.valerotaxlegal.com\/ca\/serveis-destrangeria\/visats\/#primaryimage","url":"https:\/\/www.valerotaxlegal.com\/wp-content\/uploads\/2024\/09\/beneficio-fiscal.png","contentUrl":"https:\/\/www.valerotaxlegal.com\/wp-content\/uploads\/2024\/09\/beneficio-fiscal.png"},{"@type":"BreadcrumbList","@id":"https:\/\/www.valerotaxlegal.com\/ca\/serveis-destrangeria\/visats\/#breadcrumb","itemListElement":[{"@type":"ListItem","position":1,"name":"Portada","item":"https:\/\/www.valerotaxlegal.com\/ca\/"},{"@type":"ListItem","position":2,"name":"Serveis d&#8217;estrangeria","item":"https:\/\/www.valerotaxlegal.com\/ca\/serveis-destrangeria\/"},{"@type":"ListItem","position":3,"name":"Visats"}]},{"@type":"WebSite","@id":"https:\/\/www.valerotaxlegal.com\/#website","url":"https:\/\/www.valerotaxlegal.com\/","name":"VALERO TAX LEGAL","description":"Servicios de asesoramiento jur\u00eddico contable fiscal laboral","publisher":{"@id":"https:\/\/www.valerotaxlegal.com\/#organization"},"potentialAction":[{"@type":"SearchAction","target":{"@type":"EntryPoint","urlTemplate":"https:\/\/www.valerotaxlegal.com\/?s={search_term_string}"},"query-input":{"@type":"PropertyValueSpecification","valueRequired":true,"valueName":"search_term_string"}}],"inLanguage":"ca"},{"@type":"Organization","@id":"https:\/\/www.valerotaxlegal.com\/#organization","name":"Valero Tax Legal","url":"https:\/\/www.valerotaxlegal.com\/","logo":{"@type":"ImageObject","inLanguage":"ca","@id":"https:\/\/www.valerotaxlegal.com\/#\/schema\/logo\/image\/","url":"https:\/\/www.valerotaxlegal.com\/wp-content\/uploads\/2021\/04\/favicon_valero.jpg","contentUrl":"https:\/\/www.valerotaxlegal.com\/wp-content\/uploads\/2021\/04\/favicon_valero.jpg","width":400,"height":400,"caption":"Valero Tax Legal"},"image":{"@id":"https:\/\/www.valerotaxlegal.com\/#\/schema\/logo\/image\/"}}]}},"_links":{"self":[{"href":"https:\/\/www.valerotaxlegal.com\/ca\/wp-json\/wp\/v2\/pages\/5942","targetHints":{"allow":["GET"]}}],"collection":[{"href":"https:\/\/www.valerotaxlegal.com\/ca\/wp-json\/wp\/v2\/pages"}],"about":[{"href":"https:\/\/www.valerotaxlegal.com\/ca\/wp-json\/wp\/v2\/types\/page"}],"author":[{"embeddable":true,"href":"https:\/\/www.valerotaxlegal.com\/ca\/wp-json\/wp\/v2\/users\/1"}],"replies":[{"embeddable":true,"href":"https:\/\/www.valerotaxlegal.com\/ca\/wp-json\/wp\/v2\/comments?post=5942"}],"version-history":[{"count":28,"href":"https:\/\/www.valerotaxlegal.com\/ca\/wp-json\/wp\/v2\/pages\/5942\/revisions"}],"predecessor-version":[{"id":6170,"href":"https:\/\/www.valerotaxlegal.com\/ca\/wp-json\/wp\/v2\/pages\/5942\/revisions\/6170"}],"up":[{"embeddable":true,"href":"https:\/\/www.valerotaxlegal.com\/ca\/wp-json\/wp\/v2\/pages\/6012"}],"wp:attachment":[{"href":"https:\/\/www.valerotaxlegal.com\/ca\/wp-json\/wp\/v2\/media?parent=5942"}],"curies":[{"name":"wp","href":"https:\/\/api.w.org\/{rel}","templated":true}]}}